{"id":121527,"date":"2023-10-15T22:49:15","date_gmt":"2023-10-15T20:49:15","guid":{"rendered":"https:\/\/territorialchallenges.com\/?page_id=121527"},"modified":"2023-11-19T10:53:54","modified_gmt":"2023-11-19T09:53:54","slug":"accueil-2","status":"publish","type":"page","link":"https:\/\/territorialchallenges.com\/it\/","title":{"rendered":""},"content":{"rendered":"<div class=\"ct-posts-shortcode\" data-prefix=\"blog\"><div class=\"entries\" data-archive=\"default\" data-layout=\"enhanced-grid\" data-cards=\"simple\"  data-hover=\"zoom-in\" ><article id=\"post-126140\" class=\"entry-card post-126140 post type-post status-publish format-standard has-post-thumbnail hentry category-opinions category-ecosysteme pmpro-level-required pmpro-level-2 pmpro-level-3 pmpro-level-4 pmpro-level-5 pmpro-level-8 pmpro-level-6 pmpro-level-1 pmpro-no-access\" >\n\t<h2 class=\"entry-title\">\n\t\t<a href=\"https:\/\/territorialchallenges.com\/it\/2026\/09\/04\/chapel-hill-le-piege-ou-leurope-a-perdu-la-main-sur-son-destin-numerique\/126140\/\" rel=\"bookmark\">\n\t\t\tChapel Hill : le pi\u00e8ge o\u00f9 l&rsquo;Europe a perdu la main sur son destin num\u00e9rique\t\t<\/a>\n\t<\/h2>\n\n\t<a class=\"ct-image-container\" href=\"https:\/\/territorialchallenges.com\/it\/2026\/09\/04\/chapel-hill-le-piege-ou-leurope-a-perdu-la-main-sur-son-destin-numerique\/126140\/\" aria-label=\"Chapel Hill : le pi\u00e8ge o\u00f9 l\u2019Europe a perdu la main sur son destin num\u00e9rique\" tabindex=\"-1\"><img loading=\"lazy\" decoding=\"async\" width=\"768\" height=\"701\" src=\"https:\/\/territorialchallenges.com\/wp-content\/uploads\/2026\/09\/ReflexionFaite.1.09.26.images-768x701.jpg\" class=\"attachment-medium_large size-medium_large wp-post-image\" alt=\"\" srcset=\"https:\/\/territorialchallenges.com\/wp-content\/uploads\/2026\/09\/ReflexionFaite.1.09.26.images-768x701.jpg 768w, https:\/\/territorialchallenges.com\/wp-content\/uploads\/2026\/09\/ReflexionFaite.1.09.26.images-300x274.jpg 300w, https:\/\/territorialchallenges.com\/wp-content\/uploads\/2026\/09\/ReflexionFaite.1.09.26.images-1024x934.jpg 1024w, https:\/\/territorialchallenges.com\/wp-content\/uploads\/2026\/09\/ReflexionFaite.1.09.26.images-1536x1401.jpg 1536w, https:\/\/territorialchallenges.com\/wp-content\/uploads\/2026\/09\/ReflexionFaite.1.09.26.images-2048x1868.jpg 2048w, https:\/\/territorialchallenges.com\/wp-content\/uploads\/2026\/09\/ReflexionFaite.1.09.26.images-13x12.jpg 13w\" sizes=\"auto, (max-width: 768px) 100vw, 768px\" itemprop=\"image\" style=\"aspect-ratio: 8\/6;\" \/><\/a><ul class=\"entry-meta\" data-type=\"simple:none\"  ><li class=\"meta-categories\" data-type=\"pill\"><a href=\"https:\/\/territorialchallenges.com\/it\/category\/opinions\/\" rel=\"tag\" class=\"ct-term-130\" >R\u00e9flexion faite<\/a><a href=\"https:\/\/territorialchallenges.com\/it\/category\/ecosysteme\/\" rel=\"tag\" class=\"ct-term-117\" >\u00c9cosyst\u00e8me<\/a><\/li><li class=\"meta-date\" itemprop=\"datePublished\" ><time class=\"ct-meta-element-date\" datetime=\"2026-09-04T21:55:10+02:00\" >4 Settembre 2026<\/time><\/li><\/ul><div class=\"entry-excerpt\" ><p>Sous couvert de coop\u00e9ration internationale, le sommet du G20 de l&rsquo;innovation, r\u00e9uni\u2026... <\/p>\n<div class=\"pmpro_content_message\">Article uniquement consultable pour les abonn\u00e9s .<br \/><a href=\"https:\/\/territorialchallenges.com\/wp-login.php\">Connexion<\/a><br \/><a href=\"https:\/\/territorialchallenges.com\/it\/wp-login.php\/?action=register\">S'inscrire<\/a><\/div><\/div><a class=\"entry-button\" data-type=\"simple\" href=\"https:\/\/territorialchallenges.com\/it\/2026\/09\/04\/chapel-hill-le-piege-ou-leurope-a-perdu-la-main-sur-son-destin-numerique\/126140\/\" >Leggi tutto <span class=\"screen-reader-text\" >Chapel Hill : le pi\u00e8ge o\u00f9 l&rsquo;Europe a perdu la main sur son destin num\u00e9rique<\/span><\/a><\/article><article id=\"post-126137\" class=\"entry-card post-126137 post type-post status-publish format-standard has-post-thumbnail hentry category-on-parle-d-eux category-ecosysteme pmpro-level-required pmpro-level-2 pmpro-level-3 pmpro-level-4 pmpro-level-5 pmpro-level-8 pmpro-level-6 pmpro-level-1 pmpro-no-access\" >\n\t<h2 class=\"entry-title\">\n\t\t<a href=\"https:\/\/territorialchallenges.com\/it\/2026\/09\/04\/marko-pejkovic-le-croate-qui-a-mis-leurope-au-volant-de-robotaxis\/126137\/\" rel=\"bookmark\">\n\t\t\tMarko Pejkovi\u0107, le Croate qui a mis l&rsquo;Europe au volant de robotaxis\t\t<\/a>\n\t<\/h2>\n\n\t<a class=\"ct-image-container\" href=\"https:\/\/territorialchallenges.com\/it\/2026\/09\/04\/marko-pejkovic-le-croate-qui-a-mis-leurope-au-volant-de-robotaxis\/126137\/\" aria-label=\"Marko Pejkovi\u0107, le Croate qui a mis l\u2019Europe au volant de robotaxis\" tabindex=\"-1\"><img loading=\"lazy\" decoding=\"async\" width=\"560\" height=\"560\" src=\"https:\/\/territorialchallenges.com\/wp-content\/uploads\/2026\/09\/Onparledeux.1.09.26.image_.jpg\" class=\"attachment-medium_large size-medium_large wp-post-image\" alt=\"\" srcset=\"https:\/\/territorialchallenges.com\/wp-content\/uploads\/2026\/09\/Onparledeux.1.09.26.image_.jpg 560w, https:\/\/territorialchallenges.com\/wp-content\/uploads\/2026\/09\/Onparledeux.1.09.26.image_-300x300.jpg 300w, https:\/\/territorialchallenges.com\/wp-content\/uploads\/2026\/09\/Onparledeux.1.09.26.image_-150x150.jpg 150w, https:\/\/territorialchallenges.com\/wp-content\/uploads\/2026\/09\/Onparledeux.1.09.26.image_-12x12.jpg 12w\" sizes=\"auto, (max-width: 560px) 100vw, 560px\" itemprop=\"image\" style=\"aspect-ratio: 8\/6;\" \/><\/a><ul class=\"entry-meta\" data-type=\"simple:none\"  ><li class=\"meta-categories\" data-type=\"pill\"><a href=\"https:\/\/territorialchallenges.com\/it\/category\/on-parle-d-eux\/\" rel=\"tag\" class=\"ct-term-126\" >On parle d'eux<\/a><a href=\"https:\/\/territorialchallenges.com\/it\/category\/ecosysteme\/\" rel=\"tag\" class=\"ct-term-117\" >\u00c9cosyst\u00e8me<\/a><\/li><li class=\"meta-date\" itemprop=\"datePublished\" ><time class=\"ct-meta-element-date\" datetime=\"2026-09-04T21:52:30+02:00\" >4 Settembre 2026<\/time><\/li><\/ul><div class=\"entry-excerpt\" ><p>Ancien cadre de Rimac Automobili pass\u00e9 du contr\u00f4le de gestion chez Hrvatski\u2026... <\/p>\n<div class=\"pmpro_content_message\">Article uniquement consultable pour les abonn\u00e9s .<br \/><a href=\"https:\/\/territorialchallenges.com\/wp-login.php\">Connexion<\/a><br \/><a href=\"https:\/\/territorialchallenges.com\/it\/wp-login.php\/?action=register\">S'inscrire<\/a><\/div><\/div><a class=\"entry-button\" data-type=\"simple\" href=\"https:\/\/territorialchallenges.com\/it\/2026\/09\/04\/marko-pejkovic-le-croate-qui-a-mis-leurope-au-volant-de-robotaxis\/126137\/\" >Leggi tutto <span class=\"screen-reader-text\" >Marko Pejkovi\u0107, le Croate qui a mis l&rsquo;Europe au volant de robotaxis<\/span><\/a><\/article><article id=\"post-126134\" class=\"entry-card post-126134 post type-post status-publish format-standard has-post-thumbnail hentry category-il-sest-passe-a category-ecosysteme pmpro-level-required pmpro-level-2 pmpro-level-3 pmpro-level-4 pmpro-level-5 pmpro-level-8 pmpro-level-6 pmpro-level-1 pmpro-no-access\" >\n\t<h2 class=\"entry-title\">\n\t\t<a href=\"https:\/\/territorialchallenges.com\/it\/2026\/09\/04\/danemark-aarhus-fait-entrer-son-eau-dans-lere-numerique\/126134\/\" rel=\"bookmark\">\n\t\t\tDanemark: Aarhus fait entrer son eau dans l&rsquo;\u00e8re num\u00e9rique\t\t<\/a>\n\t<\/h2>\n\n\t<a class=\"ct-image-container\" href=\"https:\/\/territorialchallenges.com\/it\/2026\/09\/04\/danemark-aarhus-fait-entrer-son-eau-dans-lere-numerique\/126134\/\" aria-label=\"Danemark: Aarhus fait entrer son eau dans l\u2019\u00e8re num\u00e9rique\" tabindex=\"-1\"><img loading=\"lazy\" decoding=\"async\" width=\"768\" height=\"713\" src=\"https:\/\/territorialchallenges.com\/wp-content\/uploads\/2026\/09\/Ilsestpassea.1.09.26.image_-768x713.jpg\" class=\"attachment-medium_large size-medium_large wp-post-image\" alt=\"\" srcset=\"https:\/\/territorialchallenges.com\/wp-content\/uploads\/2026\/09\/Ilsestpassea.1.09.26.image_-768x713.jpg 768w, https:\/\/territorialchallenges.com\/wp-content\/uploads\/2026\/09\/Ilsestpassea.1.09.26.image_-300x278.jpg 300w, https:\/\/territorialchallenges.com\/wp-content\/uploads\/2026\/09\/Ilsestpassea.1.09.26.image_-1024x950.jpg 1024w, https:\/\/territorialchallenges.com\/wp-content\/uploads\/2026\/09\/Ilsestpassea.1.09.26.image_-1536x1426.jpg 1536w, https:\/\/territorialchallenges.com\/wp-content\/uploads\/2026\/09\/Ilsestpassea.1.09.26.image_-2048x1901.jpg 2048w, https:\/\/territorialchallenges.com\/wp-content\/uploads\/2026\/09\/Ilsestpassea.1.09.26.image_-13x12.jpg 13w\" sizes=\"auto, (max-width: 768px) 100vw, 768px\" itemprop=\"image\" style=\"aspect-ratio: 8\/6;\" \/><\/a><ul class=\"entry-meta\" data-type=\"simple:none\"  ><li class=\"meta-categories\" data-type=\"pill\"><a href=\"https:\/\/territorialchallenges.com\/it\/category\/il-sest-passe-a\/\" rel=\"tag\" class=\"ct-term-120\" >Il s'est pass\u00e9 \u00e0<\/a><a href=\"https:\/\/territorialchallenges.com\/it\/category\/ecosysteme\/\" rel=\"tag\" class=\"ct-term-117\" >\u00c9cosyst\u00e8me<\/a><\/li><li class=\"meta-date\" itemprop=\"datePublished\" ><time class=\"ct-meta-element-date\" datetime=\"2026-09-04T21:49:44+02:00\" >4 Settembre 2026<\/time><\/li><\/ul><div class=\"entry-excerpt\" ><p>D&rsquo;ici 2030, 69 000 compteurs m\u00e9caniques c\u00e9deront la place \u00e0 des compteurs\u2026... <\/p>\n<div class=\"pmpro_content_message\">Article uniquement consultable pour les abonn\u00e9s .<br \/><a href=\"https:\/\/territorialchallenges.com\/wp-login.php\">Connexion<\/a><br \/><a href=\"https:\/\/territorialchallenges.com\/it\/wp-login.php\/?action=register\">S'inscrire<\/a><\/div><\/div><a class=\"entry-button\" data-type=\"simple\" href=\"https:\/\/territorialchallenges.com\/it\/2026\/09\/04\/danemark-aarhus-fait-entrer-son-eau-dans-lere-numerique\/126134\/\" >Leggi tutto <span class=\"screen-reader-text\" >Danemark: Aarhus fait entrer son eau dans l&rsquo;\u00e8re num\u00e9rique<\/span><\/a><\/article><article id=\"post-126131\" class=\"entry-card post-126131 post type-post status-publish format-standard has-post-thumbnail hentry category-smart-cities category-actualite-internationale pmpro-level-required pmpro-level-2 pmpro-level-8 pmpro-level-6 pmpro-level-1 pmpro-no-access\" >\n\t<h2 class=\"entry-title\">\n\t\t<a href=\"https:\/\/territorialchallenges.com\/it\/2026\/09\/04\/en-inde-les-donnees-au-secours-des-cotes-menacees\/126131\/\" rel=\"bookmark\">\n\t\t\tEn Inde, les donn\u00e9es au secours des c\u00f4tes menac\u00e9es\t\t<\/a>\n\t<\/h2>\n\n\t<a class=\"ct-image-container\" href=\"https:\/\/territorialchallenges.com\/it\/2026\/09\/04\/en-inde-les-donnees-au-secours-des-cotes-menacees\/126131\/\" aria-label=\"En Inde, les donn\u00e9es au secours des c\u00f4tes menac\u00e9es\" tabindex=\"-1\"><img loading=\"lazy\" decoding=\"async\" width=\"768\" height=\"672\" src=\"https:\/\/territorialchallenges.com\/wp-content\/uploads\/2026\/09\/territoiresintelligents.1.09.26.image_-768x672.jpg\" class=\"attachment-medium_large size-medium_large wp-post-image\" alt=\"\" srcset=\"https:\/\/territorialchallenges.com\/wp-content\/uploads\/2026\/09\/territoiresintelligents.1.09.26.image_-768x672.jpg 768w, https:\/\/territorialchallenges.com\/wp-content\/uploads\/2026\/09\/territoiresintelligents.1.09.26.image_-300x262.jpg 300w, https:\/\/territorialchallenges.com\/wp-content\/uploads\/2026\/09\/territoiresintelligents.1.09.26.image_-1024x896.jpg 1024w, https:\/\/territorialchallenges.com\/wp-content\/uploads\/2026\/09\/territoiresintelligents.1.09.26.image_-1536x1343.jpg 1536w, https:\/\/territorialchallenges.com\/wp-content\/uploads\/2026\/09\/territoiresintelligents.1.09.26.image_-2048x1791.jpg 2048w, https:\/\/territorialchallenges.com\/wp-content\/uploads\/2026\/09\/territoiresintelligents.1.09.26.image_-14x12.jpg 14w\" sizes=\"auto, (max-width: 768px) 100vw, 768px\" itemprop=\"image\" style=\"aspect-ratio: 8\/6;\" \/><\/a><ul class=\"entry-meta\" data-type=\"simple:none\"  ><li class=\"meta-categories\" data-type=\"pill\"><a href=\"https:\/\/territorialchallenges.com\/it\/category\/smart-cities\/\" rel=\"tag\" class=\"ct-term-19\" >Territoires Intelligents<\/a><a href=\"https:\/\/territorialchallenges.com\/it\/category\/actualite-internationale\/\" rel=\"tag\" class=\"ct-term-124\" >Actualit\u00e9 internationale<\/a><\/li><li class=\"meta-date\" itemprop=\"datePublished\" ><time class=\"ct-meta-element-date\" datetime=\"2026-09-04T21:47:30+02:00\" >4 Settembre 2026<\/time><\/li><\/ul><div class=\"entry-excerpt\" ><p>Odisha, Tamil Nadu, Kerala, trois \u00c9tats en premi\u00e8re ligne face \u00e0 l&rsquo;\u00e9rosion,\u2026... <\/p>\n<div class=\"pmpro_content_message\">Article uniquement consultable pour les abonn\u00e9s .<br \/><a href=\"https:\/\/territorialchallenges.com\/wp-login.php\">Connexion<\/a><br \/><a href=\"https:\/\/territorialchallenges.com\/it\/wp-login.php\/?action=register\">S'inscrire<\/a><\/div><\/div><a class=\"entry-button\" data-type=\"simple\" href=\"https:\/\/territorialchallenges.com\/it\/2026\/09\/04\/en-inde-les-donnees-au-secours-des-cotes-menacees\/126131\/\" >Leggi tutto <span class=\"screen-reader-text\" >En Inde, les donn\u00e9es au secours des c\u00f4tes menac\u00e9es<\/span><\/a><\/article><article id=\"post-126128\" class=\"entry-card post-126128 post type-post status-publish format-standard has-post-thumbnail hentry category-smart-energy category-actualite-europe pmpro-level-required pmpro-level-3 pmpro-level-8 pmpro-level-6 pmpro-level-1 pmpro-no-access\" >\n\t<h2 class=\"entry-title\">\n\t\t<a href=\"https:\/\/territorialchallenges.com\/it\/2026\/09\/04\/leurope-a-construit-ses-usines-delectrolyseurs-plus-vite-que-sa-demande-en-hydrogene\/126128\/\" rel=\"bookmark\">\n\t\t\tL&rsquo;Europe a construit ses usines d&rsquo;\u00e9lectrolyseurs plus vite que sa demande en hydrog\u00e8ne\t\t<\/a>\n\t<\/h2>\n\n\t<a class=\"ct-image-container\" href=\"https:\/\/territorialchallenges.com\/it\/2026\/09\/04\/leurope-a-construit-ses-usines-delectrolyseurs-plus-vite-que-sa-demande-en-hydrogene\/126128\/\" aria-label=\"L\u2019Europe a construit ses usines d\u2019\u00e9lectrolyseurs plus vite que sa demande en hydrog\u00e8ne\" tabindex=\"-1\"><img loading=\"lazy\" decoding=\"async\" width=\"768\" height=\"654\" src=\"https:\/\/territorialchallenges.com\/wp-content\/uploads\/2026\/09\/transitionenergetique.1.09.26.image_-768x654.jpg\" class=\"attachment-medium_large size-medium_large wp-post-image\" alt=\"\" srcset=\"https:\/\/territorialchallenges.com\/wp-content\/uploads\/2026\/09\/transitionenergetique.1.09.26.image_-768x654.jpg 768w, https:\/\/territorialchallenges.com\/wp-content\/uploads\/2026\/09\/transitionenergetique.1.09.26.image_-300x255.jpg 300w, https:\/\/territorialchallenges.com\/wp-content\/uploads\/2026\/09\/transitionenergetique.1.09.26.image_-1024x871.jpg 1024w, https:\/\/territorialchallenges.com\/wp-content\/uploads\/2026\/09\/transitionenergetique.1.09.26.image_-1536x1307.jpg 1536w, https:\/\/territorialchallenges.com\/wp-content\/uploads\/2026\/09\/transitionenergetique.1.09.26.image_-2048x1743.jpg 2048w, https:\/\/territorialchallenges.com\/wp-content\/uploads\/2026\/09\/transitionenergetique.1.09.26.image_-14x12.jpg 14w\" sizes=\"auto, (max-width: 768px) 100vw, 768px\" itemprop=\"image\" style=\"aspect-ratio: 8\/6;\" \/><\/a><ul class=\"entry-meta\" data-type=\"simple:none\"  ><li class=\"meta-categories\" data-type=\"pill\"><a href=\"https:\/\/territorialchallenges.com\/it\/category\/smart-energy\/\" rel=\"tag\" class=\"ct-term-18\" >Transition \u00c9nerg\u00e9tique<\/a><a href=\"https:\/\/territorialchallenges.com\/it\/category\/actualite-europe\/\" rel=\"tag\" class=\"ct-term-127\" >Actualit\u00e9 Europe<\/a><\/li><li class=\"meta-date\" itemprop=\"datePublished\" ><time class=\"ct-meta-element-date\" datetime=\"2026-09-04T21:44:40+02:00\" >4 Settembre 2026<\/time><\/li><\/ul><div class=\"entry-excerpt\" ><p>Alors que les capacit\u00e9s de fabrication d&rsquo;\u00e9lectrolyseurs sont pr\u00eates \u00e0 r\u00e9pondre \u00e0\u2026... <\/p>\n<div class=\"pmpro_content_message\">Article uniquement consultable pour les abonn\u00e9s .<br \/><a href=\"https:\/\/territorialchallenges.com\/wp-login.php\">Connexion<\/a><br \/><a href=\"https:\/\/territorialchallenges.com\/it\/wp-login.php\/?action=register\">S'inscrire<\/a><\/div><\/div><a class=\"entry-button\" data-type=\"simple\" href=\"https:\/\/territorialchallenges.com\/it\/2026\/09\/04\/leurope-a-construit-ses-usines-delectrolyseurs-plus-vite-que-sa-demande-en-hydrogene\/126128\/\" >Leggi tutto <span class=\"screen-reader-text\" >L&rsquo;Europe a construit ses usines d&rsquo;\u00e9lectrolyseurs plus vite que sa demande en hydrog\u00e8ne<\/span><\/a><\/article><article id=\"post-126124\" class=\"entry-card post-126124 post type-post status-publish format-standard has-post-thumbnail hentry category-smart-industry category-actualite-internationale pmpro-level-required pmpro-level-4 pmpro-level-8 pmpro-level-6 pmpro-level-1 pmpro-no-access\" >\n\t<h2 class=\"entry-title\">\n\t\t<a href=\"https:\/\/territorialchallenges.com\/it\/2026\/09\/04\/industrie-5-0-un-marche-en-pleine-explosion-porte-par-lhumain-et-la-durabilite\/126124\/\" rel=\"bookmark\">\n\t\t\tIndustrie 5.0 : un march\u00e9 en pleine explosion, port\u00e9 par l&rsquo;humain et la durabilit\u00e9\t\t<\/a>\n\t<\/h2>\n\n\t<a class=\"ct-image-container\" href=\"https:\/\/territorialchallenges.com\/it\/2026\/09\/04\/industrie-5-0-un-marche-en-pleine-explosion-porte-par-lhumain-et-la-durabilite\/126124\/\" aria-label=\"Industrie 5.0 : un march\u00e9 en pleine explosion, port\u00e9 par l\u2019humain et la durabilit\u00e9\" tabindex=\"-1\"><img loading=\"lazy\" decoding=\"async\" width=\"768\" height=\"743\" src=\"https:\/\/territorialchallenges.com\/wp-content\/uploads\/2026\/09\/industrie5.0.1.09.26.image_-768x743.jpg\" class=\"attachment-medium_large size-medium_large wp-post-image\" alt=\"\" srcset=\"https:\/\/territorialchallenges.com\/wp-content\/uploads\/2026\/09\/industrie5.0.1.09.26.image_-768x743.jpg 768w, https:\/\/territorialchallenges.com\/wp-content\/uploads\/2026\/09\/industrie5.0.1.09.26.image_-300x290.jpg 300w, https:\/\/territorialchallenges.com\/wp-content\/uploads\/2026\/09\/industrie5.0.1.09.26.image_-1024x991.jpg 1024w, https:\/\/territorialchallenges.com\/wp-content\/uploads\/2026\/09\/industrie5.0.1.09.26.image_-1536x1486.jpg 1536w, https:\/\/territorialchallenges.com\/wp-content\/uploads\/2026\/09\/industrie5.0.1.09.26.image_-2048x1982.jpg 2048w, https:\/\/territorialchallenges.com\/wp-content\/uploads\/2026\/09\/industrie5.0.1.09.26.image_-12x12.jpg 12w\" sizes=\"auto, (max-width: 768px) 100vw, 768px\" itemprop=\"image\" style=\"aspect-ratio: 8\/6;\" \/><\/a><ul class=\"entry-meta\" data-type=\"simple:none\"  ><li class=\"meta-categories\" data-type=\"pill\"><a href=\"https:\/\/territorialchallenges.com\/it\/category\/smart-industry\/\" rel=\"tag\" class=\"ct-term-17\" >Industrie 5.0<\/a><a href=\"https:\/\/territorialchallenges.com\/it\/category\/actualite-internationale\/\" rel=\"tag\" class=\"ct-term-124\" >Actualit\u00e9 internationale<\/a><\/li><li class=\"meta-date\" itemprop=\"datePublished\" ><time class=\"ct-meta-element-date\" datetime=\"2026-09-04T21:41:45+02:00\" >4 Settembre 2026<\/time><\/li><\/ul><div class=\"entry-excerpt\" ><p>De 87,63 milliards de dollars en 2025 \u00e0 plus de 1 000\u2026... <\/p>\n<div class=\"pmpro_content_message\">Article uniquement consultable pour les abonn\u00e9s .<br \/><a href=\"https:\/\/territorialchallenges.com\/wp-login.php\">Connexion<\/a><br \/><a href=\"https:\/\/territorialchallenges.com\/it\/wp-login.php\/?action=register\">S'inscrire<\/a><\/div><\/div><a class=\"entry-button\" data-type=\"simple\" href=\"https:\/\/territorialchallenges.com\/it\/2026\/09\/04\/industrie-5-0-un-marche-en-pleine-explosion-porte-par-lhumain-et-la-durabilite\/126124\/\" >Leggi tutto <span class=\"screen-reader-text\" >Industrie 5.0 : un march\u00e9 en pleine explosion, port\u00e9 par l&rsquo;humain et la durabilit\u00e9<\/span><\/a><\/article><article id=\"post-126121\" class=\"entry-card post-126121 post type-post status-publish format-standard has-post-thumbnail hentry category-iot category-actualite-internationale pmpro-level-required pmpro-level-5 pmpro-level-8 pmpro-level-6 pmpro-level-1 pmpro-no-access\" >\n\t<h2 class=\"entry-title\">\n\t\t<a href=\"https:\/\/territorialchallenges.com\/it\/2026\/09\/04\/au-japon-des-bus-autonomes-apprennent-a-reconnaitre-le-son-des-sirenes\/126121\/\" rel=\"bookmark\">\n\t\t\tAu Japon, des bus autonomes apprennent \u00e0 reconna\u00eetre le son des sir\u00e8nes\t\t<\/a>\n\t<\/h2>\n\n\t<a class=\"ct-image-container\" href=\"https:\/\/territorialchallenges.com\/it\/2026\/09\/04\/au-japon-des-bus-autonomes-apprennent-a-reconnaitre-le-son-des-sirenes\/126121\/\" aria-label=\"Au Japon, des bus autonomes apprennent \u00e0 reconna\u00eetre le son des sir\u00e8nes\" tabindex=\"-1\"><img loading=\"lazy\" decoding=\"async\" width=\"768\" height=\"683\" src=\"https:\/\/territorialchallenges.com\/wp-content\/uploads\/2026\/09\/Donnees.objetsconnectes.1.09.26.image_-768x683.jpg\" class=\"attachment-medium_large size-medium_large wp-post-image\" alt=\"\" srcset=\"https:\/\/territorialchallenges.com\/wp-content\/uploads\/2026\/09\/Donnees.objetsconnectes.1.09.26.image_-768x683.jpg 768w, https:\/\/territorialchallenges.com\/wp-content\/uploads\/2026\/09\/Donnees.objetsconnectes.1.09.26.image_-300x267.jpg 300w, https:\/\/territorialchallenges.com\/wp-content\/uploads\/2026\/09\/Donnees.objetsconnectes.1.09.26.image_-1024x911.jpg 1024w, https:\/\/territorialchallenges.com\/wp-content\/uploads\/2026\/09\/Donnees.objetsconnectes.1.09.26.image_-1536x1367.jpg 1536w, https:\/\/territorialchallenges.com\/wp-content\/uploads\/2026\/09\/Donnees.objetsconnectes.1.09.26.image_-2048x1822.jpg 2048w, https:\/\/territorialchallenges.com\/wp-content\/uploads\/2026\/09\/Donnees.objetsconnectes.1.09.26.image_-13x12.jpg 13w\" sizes=\"auto, (max-width: 768px) 100vw, 768px\" itemprop=\"image\" style=\"aspect-ratio: 8\/6;\" \/><\/a><ul class=\"entry-meta\" data-type=\"simple:none\"  ><li class=\"meta-categories\" data-type=\"pill\"><a href=\"https:\/\/territorialchallenges.com\/it\/category\/iot\/\" rel=\"tag\" class=\"ct-term-16\" >Donn\u00e9es\/Objets Connect\u00e9s<\/a><a href=\"https:\/\/territorialchallenges.com\/it\/category\/actualite-internationale\/\" rel=\"tag\" class=\"ct-term-124\" >Actualit\u00e9 internationale<\/a><\/li><li class=\"meta-date\" itemprop=\"datePublished\" ><time class=\"ct-meta-element-date\" datetime=\"2026-09-04T21:39:18+02:00\" >4 Settembre 2026<\/time><\/li><\/ul><div class=\"entry-excerpt\" ><p>Cerence AI a annonc\u00e9 l&rsquo;int\u00e9gration de sa technologie de d\u00e9tection de v\u00e9hicules\u2026... <\/p>\n<div class=\"pmpro_content_message\">Article uniquement consultable pour les abonn\u00e9s .<br \/><a href=\"https:\/\/territorialchallenges.com\/wp-login.php\">Connexion<\/a><br \/><a href=\"https:\/\/territorialchallenges.com\/it\/wp-login.php\/?action=register\">S'inscrire<\/a><\/div><\/div><a class=\"entry-button\" data-type=\"simple\" href=\"https:\/\/territorialchallenges.com\/it\/2026\/09\/04\/au-japon-des-bus-autonomes-apprennent-a-reconnaitre-le-son-des-sirenes\/126121\/\" >Leggi tutto <span class=\"screen-reader-text\" >Au Japon, des bus autonomes apprennent \u00e0 reconna\u00eetre le son des sir\u00e8nes<\/span><\/a><\/article><article id=\"post-126118\" class=\"entry-card post-126118 post type-post status-publish format-standard has-post-thumbnail hentry category-memoire pmpro-level-required pmpro-level-2 pmpro-level-3 pmpro-level-4 pmpro-level-5 pmpro-level-8 pmpro-level-6 pmpro-level-1 pmpro-no-access\" >\n\t<h2 class=\"entry-title\">\n\t\t<a href=\"https:\/\/territorialchallenges.com\/it\/2026\/09\/04\/bornes-de-recharge-electrique-le-senat-examine-une-proposition-de-loi-pour-accelerer-le-maillage-du-territoire-2014\/126118\/\" rel=\"bookmark\">\n\t\t\tBornes de recharge \u00e9lectrique : le S\u00e9nat examine une proposition de loi pour acc\u00e9l\u00e9rer le maillage du territoire (2014)\t\t<\/a>\n\t<\/h2>\n\n\t<a class=\"ct-image-container\" href=\"https:\/\/territorialchallenges.com\/it\/2026\/09\/04\/bornes-de-recharge-electrique-le-senat-examine-une-proposition-de-loi-pour-accelerer-le-maillage-du-territoire-2014\/126118\/\" aria-label=\"Bornes de recharge \u00e9lectrique : le S\u00e9nat examine une proposition de loi pour acc\u00e9l\u00e9rer le maillage du territoire (2014)\" tabindex=\"-1\"><img loading=\"lazy\" decoding=\"async\" width=\"768\" height=\"511\" src=\"https:\/\/territorialchallenges.com\/wp-content\/uploads\/2026\/09\/memoireimage2.09.25image-12.jpg\" class=\"attachment-medium_large size-medium_large wp-post-image\" alt=\"\" srcset=\"https:\/\/territorialchallenges.com\/wp-content\/uploads\/2026\/09\/memoireimage2.09.25image-12.jpg 768w, https:\/\/territorialchallenges.com\/wp-content\/uploads\/2026\/09\/memoireimage2.09.25image-12-300x200.jpg 300w, https:\/\/territorialchallenges.com\/wp-content\/uploads\/2026\/09\/memoireimage2.09.25image-12-391x260.jpg 391w, https:\/\/territorialchallenges.com\/wp-content\/uploads\/2026\/09\/memoireimage2.09.25image-12-18x12.jpg 18w\" sizes=\"auto, (max-width: 768px) 100vw, 768px\" itemprop=\"image\" style=\"aspect-ratio: 8\/6;\" \/><\/a><ul class=\"entry-meta\" data-type=\"simple:none\"  ><li class=\"meta-categories\" data-type=\"pill\"><a href=\"https:\/\/territorialchallenges.com\/it\/category\/memoire\/\" rel=\"tag\" class=\"ct-term-121\" >M\u00e9moire<\/a><\/li><li class=\"meta-date\" itemprop=\"datePublished\" ><time class=\"ct-meta-element-date\" datetime=\"2026-09-04T21:36:36+02:00\" >4 Settembre 2026<\/time><\/li><\/ul><div class=\"entry-excerpt\" ><p>Enregistr\u00e9 au S\u00e9nat le 27 mai 2014, le rapport de Jean-Jacques Filleul\u2026... <\/p>\n<div class=\"pmpro_content_message\">Article uniquement consultable pour les abonn\u00e9s .<br \/><a href=\"https:\/\/territorialchallenges.com\/wp-login.php\">Connexion<\/a><br \/><a href=\"https:\/\/territorialchallenges.com\/it\/wp-login.php\/?action=register\">S'inscrire<\/a><\/div><\/div><a class=\"entry-button\" data-type=\"simple\" href=\"https:\/\/territorialchallenges.com\/it\/2026\/09\/04\/bornes-de-recharge-electrique-le-senat-examine-une-proposition-de-loi-pour-accelerer-le-maillage-du-territoire-2014\/126118\/\" >Leggi tutto <span class=\"screen-reader-text\" >Bornes de recharge \u00e9lectrique : le S\u00e9nat examine une proposition de loi pour acc\u00e9l\u00e9rer le maillage du territoire (2014)<\/span><\/a><\/article><article id=\"post-126115\" class=\"entry-card post-126115 post type-post status-publish format-standard has-post-thumbnail hentry category-opinions category-ecosysteme pmpro-level-required pmpro-level-2 pmpro-level-3 pmpro-level-4 pmpro-level-5 pmpro-level-8 pmpro-level-6 pmpro-level-1 pmpro-no-access\" >\n\t<h2 class=\"entry-title\">\n\t\t<a href=\"https:\/\/territorialchallenges.com\/it\/2026\/08\/28\/collectivites-universites-lalliance-quil-est-urgent-de-sceller-avant-la-prochaine-cyberattaque\/126115\/\" rel=\"bookmark\">\n\t\t\tCollectivit\u00e9s, universit\u00e9s : l&rsquo;alliance qu&rsquo;il est urgent de sceller avant la prochaine cyberattaque\t\t<\/a>\n\t<\/h2>\n\n\t<a class=\"ct-image-container\" href=\"https:\/\/territorialchallenges.com\/it\/2026\/08\/28\/collectivites-universites-lalliance-quil-est-urgent-de-sceller-avant-la-prochaine-cyberattaque\/126115\/\" aria-label=\"Collectivit\u00e9s, universit\u00e9s : l\u2019alliance qu\u2019il est urgent de sceller avant la prochaine cyberattaque\" tabindex=\"-1\"><img loading=\"lazy\" decoding=\"async\" width=\"768\" height=\"680\" src=\"https:\/\/territorialchallenges.com\/wp-content\/uploads\/2026\/08\/reflexionFaite.24.08.26.image_-768x680.jpg\" class=\"attachment-medium_large size-medium_large wp-post-image\" alt=\"\" srcset=\"https:\/\/territorialchallenges.com\/wp-content\/uploads\/2026\/08\/reflexionFaite.24.08.26.image_-768x680.jpg 768w, https:\/\/territorialchallenges.com\/wp-content\/uploads\/2026\/08\/reflexionFaite.24.08.26.image_-300x266.jpg 300w, https:\/\/territorialchallenges.com\/wp-content\/uploads\/2026\/08\/reflexionFaite.24.08.26.image_-1024x907.jpg 1024w, https:\/\/territorialchallenges.com\/wp-content\/uploads\/2026\/08\/reflexionFaite.24.08.26.image_-1536x1360.jpg 1536w, https:\/\/territorialchallenges.com\/wp-content\/uploads\/2026\/08\/reflexionFaite.24.08.26.image_-2048x1813.jpg 2048w, https:\/\/territorialchallenges.com\/wp-content\/uploads\/2026\/08\/reflexionFaite.24.08.26.image_-14x12.jpg 14w\" sizes=\"auto, (max-width: 768px) 100vw, 768px\" itemprop=\"image\" style=\"aspect-ratio: 8\/6;\" \/><\/a><ul class=\"entry-meta\" data-type=\"simple:none\"  ><li class=\"meta-categories\" data-type=\"pill\"><a href=\"https:\/\/territorialchallenges.com\/it\/category\/opinions\/\" rel=\"tag\" class=\"ct-term-130\" >R\u00e9flexion faite<\/a><a href=\"https:\/\/territorialchallenges.com\/it\/category\/ecosysteme\/\" rel=\"tag\" class=\"ct-term-117\" >\u00c9cosyst\u00e8me<\/a><\/li><li class=\"meta-date\" itemprop=\"datePublished\" ><time class=\"ct-meta-element-date\" datetime=\"2026-08-28T21:58:30+02:00\" >28 Agosto 2026<\/time><\/li><\/ul><div class=\"entry-excerpt\" ><p>Entre communes d\u00e9fac\u00e9es, donn\u00e9es fiscales pill\u00e9es et budgets exsangues, les territoires fran\u00e7ais\u2026... <\/p>\n<div class=\"pmpro_content_message\">Article uniquement consultable pour les abonn\u00e9s .<br \/><a href=\"https:\/\/territorialchallenges.com\/wp-login.php\">Connexion<\/a><br \/><a href=\"https:\/\/territorialchallenges.com\/it\/wp-login.php\/?action=register\">S'inscrire<\/a><\/div><\/div><a class=\"entry-button\" data-type=\"simple\" href=\"https:\/\/territorialchallenges.com\/it\/2026\/08\/28\/collectivites-universites-lalliance-quil-est-urgent-de-sceller-avant-la-prochaine-cyberattaque\/126115\/\" >Leggi tutto <span class=\"screen-reader-text\" >Collectivit\u00e9s, universit\u00e9s : l&rsquo;alliance qu&rsquo;il est urgent de sceller avant la prochaine cyberattaque<\/span><\/a><\/article><article id=\"post-126111\" class=\"entry-card post-126111 post type-post status-publish format-standard has-post-thumbnail hentry category-on-parle-d-eux category-ecosysteme pmpro-level-required pmpro-level-2 pmpro-level-3 pmpro-level-4 pmpro-level-5 pmpro-level-8 pmpro-level-6 pmpro-level-1 pmpro-no-access\" >\n\t<h2 class=\"entry-title\">\n\t\t<a href=\"https:\/\/territorialchallenges.com\/it\/2026\/08\/28\/gavin-payne-lingenieur-qui-refaconne-la-resilience-de-heathrow\/126111\/\" rel=\"bookmark\">\n\t\t\tGavin Payne, l&rsquo;ing\u00e9nieur qui refa\u00e7onne la r\u00e9silience de Heathrow\t\t<\/a>\n\t<\/h2>\n\n\t<a class=\"ct-image-container\" href=\"https:\/\/territorialchallenges.com\/it\/2026\/08\/28\/gavin-payne-lingenieur-qui-refaconne-la-resilience-de-heathrow\/126111\/\" aria-label=\"Gavin Payne, l\u2019ing\u00e9nieur qui refa\u00e7onne la r\u00e9silience de Heathrow\" tabindex=\"-1\"><img loading=\"lazy\" decoding=\"async\" width=\"500\" height=\"438\" src=\"https:\/\/territorialchallenges.com\/wp-content\/uploads\/2026\/08\/Onparledeux.24.08.26photo-2.jpg\" class=\"attachment-medium_large size-medium_large wp-post-image\" alt=\"\" srcset=\"https:\/\/territorialchallenges.com\/wp-content\/uploads\/2026\/08\/Onparledeux.24.08.26photo-2.jpg 500w, https:\/\/territorialchallenges.com\/wp-content\/uploads\/2026\/08\/Onparledeux.24.08.26photo-2-300x263.jpg 300w, https:\/\/territorialchallenges.com\/wp-content\/uploads\/2026\/08\/Onparledeux.24.08.26photo-2-14x12.jpg 14w\" sizes=\"auto, (max-width: 500px) 100vw, 500px\" itemprop=\"image\" style=\"aspect-ratio: 8\/6;\" \/><\/a><ul class=\"entry-meta\" data-type=\"simple:none\"  ><li class=\"meta-categories\" data-type=\"pill\"><a href=\"https:\/\/territorialchallenges.com\/it\/category\/on-parle-d-eux\/\" rel=\"tag\" class=\"ct-term-126\" >On parle d'eux<\/a><a href=\"https:\/\/territorialchallenges.com\/it\/category\/ecosysteme\/\" rel=\"tag\" class=\"ct-term-117\" >\u00c9cosyst\u00e8me<\/a><\/li><li class=\"meta-date\" itemprop=\"datePublished\" ><time class=\"ct-meta-element-date\" datetime=\"2026-08-28T21:49:13+02:00\" >28 Agosto 2026<\/time><\/li><\/ul><div class=\"entry-excerpt\" ><p>Depuis 2020, Gavin Payne dirige l&rsquo;ing\u00e9nierie et les bagages du premier a\u00e9roport\u2026... <\/p>\n<div class=\"pmpro_content_message\">Article uniquement consultable pour les abonn\u00e9s .<br \/><a href=\"https:\/\/territorialchallenges.com\/wp-login.php\">Connexion<\/a><br \/><a href=\"https:\/\/territorialchallenges.com\/it\/wp-login.php\/?action=register\">S'inscrire<\/a><\/div><\/div><a class=\"entry-button\" data-type=\"simple\" href=\"https:\/\/territorialchallenges.com\/it\/2026\/08\/28\/gavin-payne-lingenieur-qui-refaconne-la-resilience-de-heathrow\/126111\/\" >Leggi tutto <span class=\"screen-reader-text\" >Gavin Payne, l&rsquo;ing\u00e9nieur qui refa\u00e7onne la r\u00e9silience de Heathrow<\/span><\/a><\/article><article id=\"post-126108\" class=\"entry-card post-126108 post type-post status-publish format-standard has-post-thumbnail hentry category-il-sest-passe-a category-ecosysteme pmpro-level-required pmpro-level-2 pmpro-level-3 pmpro-level-4 pmpro-level-5 pmpro-level-8 pmpro-level-6 pmpro-level-1 pmpro-no-access\" >\n\t<h2 class=\"entry-title\">\n\t\t<a href=\"https:\/\/territorialchallenges.com\/it\/2026\/08\/28\/uber-lance-ses-premiers-trajets-autonomes-en-europe-a-zagreb\/126108\/\" rel=\"bookmark\">\n\t\t\tUber lance ses premiers trajets autonomes en Europe, \u00e0 Zagreb\t\t<\/a>\n\t<\/h2>\n\n\t<a class=\"ct-image-container\" href=\"https:\/\/territorialchallenges.com\/it\/2026\/08\/28\/uber-lance-ses-premiers-trajets-autonomes-en-europe-a-zagreb\/126108\/\" aria-label=\"Uber lance ses premiers trajets autonomes en Europe, \u00e0 Zagreb\" tabindex=\"-1\"><img loading=\"lazy\" decoding=\"async\" width=\"768\" height=\"674\" src=\"https:\/\/territorialchallenges.com\/wp-content\/uploads\/2026\/08\/ilsestpassea.25.08.26.image_-768x674.jpg\" class=\"attachment-medium_large size-medium_large wp-post-image\" alt=\"\" srcset=\"https:\/\/territorialchallenges.com\/wp-content\/uploads\/2026\/08\/ilsestpassea.25.08.26.image_-768x674.jpg 768w, https:\/\/territorialchallenges.com\/wp-content\/uploads\/2026\/08\/ilsestpassea.25.08.26.image_-300x263.jpg 300w, https:\/\/territorialchallenges.com\/wp-content\/uploads\/2026\/08\/ilsestpassea.25.08.26.image_-1024x899.jpg 1024w, https:\/\/territorialchallenges.com\/wp-content\/uploads\/2026\/08\/ilsestpassea.25.08.26.image_-1536x1348.jpg 1536w, https:\/\/territorialchallenges.com\/wp-content\/uploads\/2026\/08\/ilsestpassea.25.08.26.image_-2048x1797.jpg 2048w, https:\/\/territorialchallenges.com\/wp-content\/uploads\/2026\/08\/ilsestpassea.25.08.26.image_-14x12.jpg 14w\" sizes=\"auto, (max-width: 768px) 100vw, 768px\" itemprop=\"image\" style=\"aspect-ratio: 8\/6;\" \/><\/a><ul class=\"entry-meta\" data-type=\"simple:none\"  ><li class=\"meta-categories\" data-type=\"pill\"><a href=\"https:\/\/territorialchallenges.com\/it\/category\/il-sest-passe-a\/\" rel=\"tag\" class=\"ct-term-120\" >Il s'est pass\u00e9 \u00e0<\/a><a href=\"https:\/\/territorialchallenges.com\/it\/category\/ecosysteme\/\" rel=\"tag\" class=\"ct-term-117\" >\u00c9cosyst\u00e8me<\/a><\/li><li class=\"meta-date\" itemprop=\"datePublished\" ><time class=\"ct-meta-element-date\" datetime=\"2026-08-28T21:46:35+02:00\" >28 Agosto 2026<\/time><\/li><\/ul><div class=\"entry-excerpt\" ><p>Zagreb devient la premi\u00e8re ville europ\u00e9enne o\u00f9 l&rsquo;on peut r\u00e9server un trajet\u2026... <\/p>\n<div class=\"pmpro_content_message\">Article uniquement consultable pour les abonn\u00e9s .<br \/><a href=\"https:\/\/territorialchallenges.com\/wp-login.php\">Connexion<\/a><br \/><a href=\"https:\/\/territorialchallenges.com\/it\/wp-login.php\/?action=register\">S'inscrire<\/a><\/div><\/div><a class=\"entry-button\" data-type=\"simple\" href=\"https:\/\/territorialchallenges.com\/it\/2026\/08\/28\/uber-lance-ses-premiers-trajets-autonomes-en-europe-a-zagreb\/126108\/\" >Leggi tutto <span class=\"screen-reader-text\" >Uber lance ses premiers trajets autonomes en Europe, \u00e0 Zagreb<\/span><\/a><\/article><article id=\"post-126105\" class=\"entry-card post-126105 post type-post status-publish format-standard has-post-thumbnail hentry category-smart-cities category-actualite-europe pmpro-level-required pmpro-level-2 pmpro-level-8 pmpro-level-6 pmpro-level-1 pmpro-no-access\" >\n\t<h2 class=\"entry-title\">\n\t\t<a href=\"https:\/\/territorialchallenges.com\/it\/2026\/08\/28\/le-smart-city-expo-world-congress-2026-devoile-ses-conferences-principales\/126105\/\" rel=\"bookmark\">\n\t\t\tLe Smart City Expo World Congress 2026 d\u00e9voile ses conf\u00e9rences principales\t\t<\/a>\n\t<\/h2>\n\n\t<a class=\"ct-image-container\" href=\"https:\/\/territorialchallenges.com\/it\/2026\/08\/28\/le-smart-city-expo-world-congress-2026-devoile-ses-conferences-principales\/126105\/\" aria-label=\"Le Smart City Expo World Congress 2026 d\u00e9voile ses conf\u00e9rences principales\" tabindex=\"-1\"><img loading=\"lazy\" decoding=\"async\" width=\"768\" height=\"643\" src=\"https:\/\/territorialchallenges.com\/wp-content\/uploads\/2026\/08\/territoiresintelligents.25.08.26.image_-768x643.jpg\" class=\"attachment-medium_large size-medium_large wp-post-image\" alt=\"\" srcset=\"https:\/\/territorialchallenges.com\/wp-content\/uploads\/2026\/08\/territoiresintelligents.25.08.26.image_-768x643.jpg 768w, https:\/\/territorialchallenges.com\/wp-content\/uploads\/2026\/08\/territoiresintelligents.25.08.26.image_-300x251.jpg 300w, https:\/\/territorialchallenges.com\/wp-content\/uploads\/2026\/08\/territoiresintelligents.25.08.26.image_-1024x858.jpg 1024w, https:\/\/territorialchallenges.com\/wp-content\/uploads\/2026\/08\/territoiresintelligents.25.08.26.image_-1536x1287.jpg 1536w, https:\/\/territorialchallenges.com\/wp-content\/uploads\/2026\/08\/territoiresintelligents.25.08.26.image_-2048x1716.jpg 2048w, https:\/\/territorialchallenges.com\/wp-content\/uploads\/2026\/08\/territoiresintelligents.25.08.26.image_-14x12.jpg 14w\" sizes=\"auto, (max-width: 768px) 100vw, 768px\" itemprop=\"image\" style=\"aspect-ratio: 8\/6;\" \/><\/a><ul class=\"entry-meta\" data-type=\"simple:none\"  ><li class=\"meta-categories\" data-type=\"pill\"><a href=\"https:\/\/territorialchallenges.com\/it\/category\/smart-cities\/\" rel=\"tag\" class=\"ct-term-19\" >Territoires Intelligents<\/a><a href=\"https:\/\/territorialchallenges.com\/it\/category\/actualite-europe\/\" rel=\"tag\" class=\"ct-term-127\" >Actualit\u00e9 Europe<\/a><\/li><li class=\"meta-date\" itemprop=\"datePublished\" ><time class=\"ct-meta-element-date\" datetime=\"2026-08-28T21:41:50+02:00\" >28 Agosto 2026<\/time><\/li><\/ul><div class=\"entry-excerpt\" ><p>Du 3 au 5 novembre, Barcelone accueille la nouvelle \u00e9dition du Smart\u2026... <\/p>\n<div class=\"pmpro_content_message\">Article uniquement consultable pour les abonn\u00e9s .<br \/><a href=\"https:\/\/territorialchallenges.com\/wp-login.php\">Connexion<\/a><br \/><a href=\"https:\/\/territorialchallenges.com\/it\/wp-login.php\/?action=register\">S'inscrire<\/a><\/div><\/div><a class=\"entry-button\" data-type=\"simple\" href=\"https:\/\/territorialchallenges.com\/it\/2026\/08\/28\/le-smart-city-expo-world-congress-2026-devoile-ses-conferences-principales\/126105\/\" >Leggi tutto <span class=\"screen-reader-text\" >Le Smart City Expo World Congress 2026 d\u00e9voile ses conf\u00e9rences principales<\/span><\/a><\/article><article id=\"post-126102\" class=\"entry-card post-126102 post type-post status-publish format-standard has-post-thumbnail hentry category-smart-energy category-actualite-internationale pmpro-level-required pmpro-level-3 pmpro-level-8 pmpro-level-6 pmpro-level-1 pmpro-no-access\" >\n\t<h2 class=\"entry-title\">\n\t\t<a href=\"https:\/\/territorialchallenges.com\/it\/2026\/08\/28\/lamerique-latine-franchit-le-cap-des-10-000-bus-electriques-en-circulation\/126102\/\" rel=\"bookmark\">\n\t\t\tL&rsquo;Am\u00e9rique latine franchit le cap des 10 000 bus \u00e9lectriques en circulation\t\t<\/a>\n\t<\/h2>\n\n\t<a class=\"ct-image-container\" href=\"https:\/\/territorialchallenges.com\/it\/2026\/08\/28\/lamerique-latine-franchit-le-cap-des-10-000-bus-electriques-en-circulation\/126102\/\" aria-label=\"L\u2019Am\u00e9rique latine franchit le cap des 10 000 bus \u00e9lectriques en circulation\" tabindex=\"-1\"><img loading=\"lazy\" decoding=\"async\" width=\"768\" height=\"705\" src=\"https:\/\/territorialchallenges.com\/wp-content\/uploads\/2026\/08\/transitionenergetique.25.08.26.image_-768x705.jpg\" class=\"attachment-medium_large size-medium_large wp-post-image\" alt=\"\" srcset=\"https:\/\/territorialchallenges.com\/wp-content\/uploads\/2026\/08\/transitionenergetique.25.08.26.image_-768x705.jpg 768w, https:\/\/territorialchallenges.com\/wp-content\/uploads\/2026\/08\/transitionenergetique.25.08.26.image_-300x275.jpg 300w, https:\/\/territorialchallenges.com\/wp-content\/uploads\/2026\/08\/transitionenergetique.25.08.26.image_-1024x940.jpg 1024w, https:\/\/territorialchallenges.com\/wp-content\/uploads\/2026\/08\/transitionenergetique.25.08.26.image_-1536x1410.jpg 1536w, https:\/\/territorialchallenges.com\/wp-content\/uploads\/2026\/08\/transitionenergetique.25.08.26.image_-2048x1880.jpg 2048w, https:\/\/territorialchallenges.com\/wp-content\/uploads\/2026\/08\/transitionenergetique.25.08.26.image_-13x12.jpg 13w\" sizes=\"auto, (max-width: 768px) 100vw, 768px\" itemprop=\"image\" style=\"aspect-ratio: 8\/6;\" \/><\/a><ul class=\"entry-meta\" data-type=\"simple:none\"  ><li class=\"meta-categories\" data-type=\"pill\"><a href=\"https:\/\/territorialchallenges.com\/it\/category\/smart-energy\/\" rel=\"tag\" class=\"ct-term-18\" >Transition \u00c9nerg\u00e9tique<\/a><a href=\"https:\/\/territorialchallenges.com\/it\/category\/actualite-internationale\/\" rel=\"tag\" class=\"ct-term-124\" >Actualit\u00e9 internationale<\/a><\/li><li class=\"meta-date\" itemprop=\"datePublished\" ><time class=\"ct-meta-element-date\" datetime=\"2026-08-28T21:38:32+02:00\" >28 Agosto 2026<\/time><\/li><\/ul><div class=\"entry-excerpt\" ><p>L&rsquo;Am\u00e9rique latine vient de franchir un seuil symbolique, 10 000 bus \u00e9lectriques\u2026... <\/p>\n<div class=\"pmpro_content_message\">Article uniquement consultable pour les abonn\u00e9s .<br \/><a href=\"https:\/\/territorialchallenges.com\/wp-login.php\">Connexion<\/a><br \/><a href=\"https:\/\/territorialchallenges.com\/it\/wp-login.php\/?action=register\">S'inscrire<\/a><\/div><\/div><a class=\"entry-button\" data-type=\"simple\" href=\"https:\/\/territorialchallenges.com\/it\/2026\/08\/28\/lamerique-latine-franchit-le-cap-des-10-000-bus-electriques-en-circulation\/126102\/\" >Leggi tutto <span class=\"screen-reader-text\" >L&rsquo;Am\u00e9rique latine franchit le cap des 10 000 bus \u00e9lectriques en circulation<\/span><\/a><\/article><article id=\"post-126099\" class=\"entry-card post-126099 post type-post status-publish format-standard has-post-thumbnail hentry category-smart-industry category-actualite-europe pmpro-level-required pmpro-level-4 pmpro-level-8 pmpro-level-6 pmpro-level-1 pmpro-no-access\" >\n\t<h2 class=\"entry-title\">\n\t\t<a href=\"https:\/\/territorialchallenges.com\/it\/2026\/08\/28\/robotique-italienne-un-marche-qui-franchit-le-cap-du-milliard-deuros\/126099\/\" rel=\"bookmark\">\n\t\t\tRobotique italienne : un march\u00e9 qui franchit le cap du milliard d&rsquo;euros\t\t<\/a>\n\t<\/h2>\n\n\t<a class=\"ct-image-container\" href=\"https:\/\/territorialchallenges.com\/it\/2026\/08\/28\/robotique-italienne-un-marche-qui-franchit-le-cap-du-milliard-deuros\/126099\/\" aria-label=\"Robotique italienne : un march\u00e9 qui franchit le cap du milliard d\u2019euros\" tabindex=\"-1\"><img loading=\"lazy\" decoding=\"async\" width=\"768\" height=\"640\" src=\"https:\/\/territorialchallenges.com\/wp-content\/uploads\/2026\/08\/industrie5.0.24.08.26.image_-768x640.jpg\" class=\"attachment-medium_large size-medium_large wp-post-image\" alt=\"\" srcset=\"https:\/\/territorialchallenges.com\/wp-content\/uploads\/2026\/08\/industrie5.0.24.08.26.image_-768x640.jpg 768w, https:\/\/territorialchallenges.com\/wp-content\/uploads\/2026\/08\/industrie5.0.24.08.26.image_-300x250.jpg 300w, https:\/\/territorialchallenges.com\/wp-content\/uploads\/2026\/08\/industrie5.0.24.08.26.image_-1024x853.jpg 1024w, https:\/\/territorialchallenges.com\/wp-content\/uploads\/2026\/08\/industrie5.0.24.08.26.image_-14x12.jpg 14w, https:\/\/territorialchallenges.com\/wp-content\/uploads\/2026\/08\/industrie5.0.24.08.26.image_.jpg 1296w\" sizes=\"auto, (max-width: 768px) 100vw, 768px\" itemprop=\"image\" style=\"aspect-ratio: 8\/6;\" \/><\/a><ul class=\"entry-meta\" data-type=\"simple:none\"  ><li class=\"meta-categories\" data-type=\"pill\"><a href=\"https:\/\/territorialchallenges.com\/it\/category\/smart-industry\/\" rel=\"tag\" class=\"ct-term-17\" >Industrie 5.0<\/a><a href=\"https:\/\/territorialchallenges.com\/it\/category\/actualite-europe\/\" rel=\"tag\" class=\"ct-term-127\" >Actualit\u00e9 Europe<\/a><\/li><li class=\"meta-date\" itemprop=\"datePublished\" ><time class=\"ct-meta-element-date\" datetime=\"2026-08-28T21:35:48+02:00\" >28 Agosto 2026<\/time><\/li><\/ul><div class=\"entry-excerpt\" ><p>Selon l&rsquo;\u00e9tude \u00ab The Italian Tech Landscape 2026 \u00bb, publi\u00e9e en avant-premi\u00e8re\u2026... <\/p>\n<div class=\"pmpro_content_message\">Article uniquement consultable pour les abonn\u00e9s .<br \/><a href=\"https:\/\/territorialchallenges.com\/wp-login.php\">Connexion<\/a><br \/><a href=\"https:\/\/territorialchallenges.com\/it\/wp-login.php\/?action=register\">S'inscrire<\/a><\/div><\/div><a class=\"entry-button\" data-type=\"simple\" href=\"https:\/\/territorialchallenges.com\/it\/2026\/08\/28\/robotique-italienne-un-marche-qui-franchit-le-cap-du-milliard-deuros\/126099\/\" >Leggi tutto <span class=\"screen-reader-text\" >Robotique italienne : un march\u00e9 qui franchit le cap du milliard d&rsquo;euros<\/span><\/a><\/article><article id=\"post-126096\" class=\"entry-card post-126096 post type-post status-publish format-standard has-post-thumbnail hentry category-iot category-actualite-internationale pmpro-level-required pmpro-level-5 pmpro-level-8 pmpro-level-6 pmpro-level-1 pmpro-no-access\" >\n\t<h2 class=\"entry-title\">\n\t\t<a href=\"https:\/\/territorialchallenges.com\/it\/2026\/08\/28\/mexico-le-metrobus-mise-sur-lintelligence-artificielle-pour-proteger-ses-conducteurs\/126096\/\" rel=\"bookmark\">\n\t\t\tMexico : le Metrobus mise sur l&rsquo;intelligence artificielle pour prot\u00e9ger ses conducteurs\t\t<\/a>\n\t<\/h2>\n\n\t<a class=\"ct-image-container\" href=\"https:\/\/territorialchallenges.com\/it\/2026\/08\/28\/mexico-le-metrobus-mise-sur-lintelligence-artificielle-pour-proteger-ses-conducteurs\/126096\/\" aria-label=\"Mexico : le Metrobus mise sur l\u2019intelligence artificielle pour prot\u00e9ger ses conducteurs\" tabindex=\"-1\"><img loading=\"lazy\" decoding=\"async\" width=\"768\" height=\"745\" src=\"https:\/\/territorialchallenges.com\/wp-content\/uploads\/2026\/08\/Donnees.Objetsconnectes25.08.26.image_-768x745.jpg\" class=\"attachment-medium_large size-medium_large wp-post-image\" alt=\"\" srcset=\"https:\/\/territorialchallenges.com\/wp-content\/uploads\/2026\/08\/Donnees.Objetsconnectes25.08.26.image_-768x745.jpg 768w, https:\/\/territorialchallenges.com\/wp-content\/uploads\/2026\/08\/Donnees.Objetsconnectes25.08.26.image_-300x291.jpg 300w, https:\/\/territorialchallenges.com\/wp-content\/uploads\/2026\/08\/Donnees.Objetsconnectes25.08.26.image_-1024x993.jpg 1024w, https:\/\/territorialchallenges.com\/wp-content\/uploads\/2026\/08\/Donnees.Objetsconnectes25.08.26.image_-1536x1490.jpg 1536w, https:\/\/territorialchallenges.com\/wp-content\/uploads\/2026\/08\/Donnees.Objetsconnectes25.08.26.image_-2048x1986.jpg 2048w, https:\/\/territorialchallenges.com\/wp-content\/uploads\/2026\/08\/Donnees.Objetsconnectes25.08.26.image_-12x12.jpg 12w\" sizes=\"auto, (max-width: 768px) 100vw, 768px\" itemprop=\"image\" style=\"aspect-ratio: 8\/6;\" \/><\/a><ul class=\"entry-meta\" data-type=\"simple:none\"  ><li class=\"meta-categories\" data-type=\"pill\"><a href=\"https:\/\/territorialchallenges.com\/it\/category\/iot\/\" rel=\"tag\" class=\"ct-term-16\" >Donn\u00e9es\/Objets Connect\u00e9s<\/a><a href=\"https:\/\/territorialchallenges.com\/it\/category\/actualite-internationale\/\" rel=\"tag\" class=\"ct-term-124\" >Actualit\u00e9 internationale<\/a><\/li><li class=\"meta-date\" itemprop=\"datePublished\" ><time class=\"ct-meta-element-date\" datetime=\"2026-08-28T21:29:10+02:00\" >28 Agosto 2026<\/time><\/li><\/ul><div class=\"entry-excerpt\" ><p>\u00c0 Mexico, le plus grand r\u00e9seau de bus rapide d&rsquo;Am\u00e9rique latine a\u2026... <\/p>\n<div class=\"pmpro_content_message\">Article uniquement consultable pour les abonn\u00e9s .<br \/><a href=\"https:\/\/territorialchallenges.com\/wp-login.php\">Connexion<\/a><br \/><a href=\"https:\/\/territorialchallenges.com\/it\/wp-login.php\/?action=register\">S'inscrire<\/a><\/div><\/div><a class=\"entry-button\" data-type=\"simple\" href=\"https:\/\/territorialchallenges.com\/it\/2026\/08\/28\/mexico-le-metrobus-mise-sur-lintelligence-artificielle-pour-proteger-ses-conducteurs\/126096\/\" >Leggi tutto <span class=\"screen-reader-text\" >Mexico : le Metrobus mise sur l&rsquo;intelligence artificielle pour prot\u00e9ger ses conducteurs<\/span><\/a><\/article><article id=\"post-126092\" class=\"entry-card post-126092 post type-post status-publish format-standard has-post-thumbnail hentry category-memoire pmpro-level-required pmpro-level-2 pmpro-level-3 pmpro-level-4 pmpro-level-5 pmpro-level-8 pmpro-level-6 pmpro-level-1 pmpro-no-access\" >\n\t<h2 class=\"entry-title\">\n\t\t<a href=\"https:\/\/territorialchallenges.com\/it\/2026\/08\/28\/renseignement-vie-privee-et-numerique-quand-le-senat-anticipait-des-2014-les-grandes-fractures-du-droit-a-lere-snowden\/126092\/\" rel=\"bookmark\">\n\t\t\tQuand le S\u00e9nat anticipait, d\u00e8s 2014, les grandes fractures du droit \u00e0 l&rsquo;\u00e8re Snowden\t\t<\/a>\n\t<\/h2>\n\n\t<a class=\"ct-image-container\" href=\"https:\/\/territorialchallenges.com\/it\/2026\/08\/28\/renseignement-vie-privee-et-numerique-quand-le-senat-anticipait-des-2014-les-grandes-fractures-du-droit-a-lere-snowden\/126092\/\" aria-label=\"Quand le S\u00e9nat anticipait, d\u00e8s 2014, les grandes fractures du droit \u00e0 l\u2019\u00e8re Snowden\" tabindex=\"-1\"><img loading=\"lazy\" decoding=\"async\" width=\"768\" height=\"511\" src=\"https:\/\/territorialchallenges.com\/wp-content\/uploads\/2026\/08\/memoireimage2.09.25image-12-3.jpg\" class=\"attachment-medium_large size-medium_large wp-post-image\" alt=\"\" srcset=\"https:\/\/territorialchallenges.com\/wp-content\/uploads\/2026\/08\/memoireimage2.09.25image-12-3.jpg 768w, https:\/\/territorialchallenges.com\/wp-content\/uploads\/2026\/08\/memoireimage2.09.25image-12-3-300x200.jpg 300w, https:\/\/territorialchallenges.com\/wp-content\/uploads\/2026\/08\/memoireimage2.09.25image-12-3-391x260.jpg 391w, https:\/\/territorialchallenges.com\/wp-content\/uploads\/2026\/08\/memoireimage2.09.25image-12-3-18x12.jpg 18w\" sizes=\"auto, (max-width: 768px) 100vw, 768px\" itemprop=\"image\" style=\"aspect-ratio: 8\/6;\" \/><\/a><ul class=\"entry-meta\" data-type=\"simple:none\"  ><li class=\"meta-categories\" data-type=\"pill\"><a href=\"https:\/\/territorialchallenges.com\/it\/category\/memoire\/\" rel=\"tag\" class=\"ct-term-121\" >M\u00e9moire<\/a><\/li><li class=\"meta-date\" itemprop=\"datePublished\" ><time class=\"ct-meta-element-date\" datetime=\"2026-08-28T21:22:57+02:00\" >28 Agosto 2026<\/time><\/li><\/ul><div class=\"entry-excerpt\" ><p>Enregistr\u00e9 \u00e0 la pr\u00e9sidence du S\u00e9nat le 27 juin 2014, le rapport\u2026... <\/p>\n<div class=\"pmpro_content_message\">Article uniquement consultable pour les abonn\u00e9s .<br \/><a href=\"https:\/\/territorialchallenges.com\/wp-login.php\">Connexion<\/a><br \/><a href=\"https:\/\/territorialchallenges.com\/it\/wp-login.php\/?action=register\">S'inscrire<\/a><\/div><\/div><a class=\"entry-button\" data-type=\"simple\" href=\"https:\/\/territorialchallenges.com\/it\/2026\/08\/28\/renseignement-vie-privee-et-numerique-quand-le-senat-anticipait-des-2014-les-grandes-fractures-du-droit-a-lere-snowden\/126092\/\" >Leggi tutto <span class=\"screen-reader-text\" >Quand le S\u00e9nat anticipait, d\u00e8s 2014, les grandes fractures du droit \u00e0 l&rsquo;\u00e8re Snowden<\/span><\/a><\/article><article id=\"post-126088\" class=\"entry-card post-126088 post type-post status-publish format-standard has-post-thumbnail hentry category-opinions category-ecosysteme pmpro-level-required pmpro-level-2 pmpro-level-3 pmpro-level-4 pmpro-level-5 pmpro-level-8 pmpro-level-6 pmpro-level-1 pmpro-no-access\" >\n\t<h2 class=\"entry-title\">\n\t\t<a href=\"https:\/\/territorialchallenges.com\/it\/2026\/08\/19\/cybersecurite-la-france-napprend-rien\/126088\/\" rel=\"bookmark\">\n\t\t\tCybers\u00e9curit\u00e9: la France n&rsquo;apprend rien\t\t<\/a>\n\t<\/h2>\n\n\t<a class=\"ct-image-container\" href=\"https:\/\/territorialchallenges.com\/it\/2026\/08\/19\/cybersecurite-la-france-napprend-rien\/126088\/\" aria-label=\"Cybers\u00e9curit\u00e9: la France n\u2019apprend rien\" tabindex=\"-1\"><img loading=\"lazy\" decoding=\"async\" width=\"768\" height=\"708\" src=\"https:\/\/territorialchallenges.com\/wp-content\/uploads\/2026\/08\/ReflexionFaite.18.08.26.image2_-768x708.jpg\" class=\"attachment-medium_large size-medium_large wp-post-image\" alt=\"\" srcset=\"https:\/\/territorialchallenges.com\/wp-content\/uploads\/2026\/08\/ReflexionFaite.18.08.26.image2_-768x708.jpg 768w, https:\/\/territorialchallenges.com\/wp-content\/uploads\/2026\/08\/ReflexionFaite.18.08.26.image2_-300x276.jpg 300w, https:\/\/territorialchallenges.com\/wp-content\/uploads\/2026\/08\/ReflexionFaite.18.08.26.image2_-1024x944.jpg 1024w, https:\/\/territorialchallenges.com\/wp-content\/uploads\/2026\/08\/ReflexionFaite.18.08.26.image2_-1536x1415.jpg 1536w, https:\/\/territorialchallenges.com\/wp-content\/uploads\/2026\/08\/ReflexionFaite.18.08.26.image2_-2048x1887.jpg 2048w, https:\/\/territorialchallenges.com\/wp-content\/uploads\/2026\/08\/ReflexionFaite.18.08.26.image2_-13x12.jpg 13w\" sizes=\"auto, (max-width: 768px) 100vw, 768px\" itemprop=\"image\" style=\"aspect-ratio: 8\/6;\" \/><\/a><ul class=\"entry-meta\" data-type=\"simple:none\"  ><li class=\"meta-categories\" data-type=\"pill\"><a href=\"https:\/\/territorialchallenges.com\/it\/category\/opinions\/\" rel=\"tag\" class=\"ct-term-130\" >R\u00e9flexion faite<\/a><a href=\"https:\/\/territorialchallenges.com\/it\/category\/ecosysteme\/\" rel=\"tag\" class=\"ct-term-117\" >\u00c9cosyst\u00e8me<\/a><\/li><li class=\"meta-date\" itemprop=\"datePublished\" ><time class=\"ct-meta-element-date\" datetime=\"2026-08-19T22:03:43+02:00\" >19 Agosto 2026<\/time><\/li><\/ul><div class=\"entry-excerpt\" ><p>678 000 contribuables pirat\u00e9s le 13 ao\u00fbt, un fisc \u00ab rassurant \u00bb,\u2026... <\/p>\n<div class=\"pmpro_content_message\">Article uniquement consultable pour les abonn\u00e9s .<br \/><a href=\"https:\/\/territorialchallenges.com\/wp-login.php\">Connexion<\/a><br \/><a href=\"https:\/\/territorialchallenges.com\/it\/wp-login.php\/?action=register\">S'inscrire<\/a><\/div><\/div><a class=\"entry-button\" data-type=\"simple\" href=\"https:\/\/territorialchallenges.com\/it\/2026\/08\/19\/cybersecurite-la-france-napprend-rien\/126088\/\" >Leggi tutto <span class=\"screen-reader-text\" >Cybers\u00e9curit\u00e9: la France n&rsquo;apprend rien<\/span><\/a><\/article><article id=\"post-126085\" class=\"entry-card post-126085 post type-post status-publish format-standard has-post-thumbnail hentry category-on-parle-d-eux category-ecosysteme pmpro-level-required pmpro-level-2 pmpro-level-3 pmpro-level-4 pmpro-level-5 pmpro-level-8 pmpro-level-6 pmpro-level-1 pmpro-no-access\" >\n\t<h2 class=\"entry-title\">\n\t\t<a href=\"https:\/\/territorialchallenges.com\/it\/2026\/08\/19\/en-finlande-keijo-lehtikangas-fait-entrer-lentretien-des-rues-dans-lere-numerique\/126085\/\" rel=\"bookmark\">\n\t\t\tEn Finlande, Keijo Lehtikangas fait entrer l&rsquo;entretien des rues dans l&rsquo;\u00e8re num\u00e9rique\t\t<\/a>\n\t<\/h2>\n\n\t<a class=\"ct-image-container\" href=\"https:\/\/territorialchallenges.com\/it\/2026\/08\/19\/en-finlande-keijo-lehtikangas-fait-entrer-lentretien-des-rues-dans-lere-numerique\/126085\/\" aria-label=\"En Finlande, Keijo Lehtikangas fait entrer l\u2019entretien des rues dans l\u2019\u00e8re num\u00e9rique\" tabindex=\"-1\"><img loading=\"lazy\" decoding=\"async\" width=\"768\" height=\"777\" src=\"https:\/\/territorialchallenges.com\/wp-content\/uploads\/2026\/08\/Onparledeux18.08.26-768x777.jpeg\" class=\"attachment-medium_large size-medium_large wp-post-image\" alt=\"\" srcset=\"https:\/\/territorialchallenges.com\/wp-content\/uploads\/2026\/08\/Onparledeux18.08.26-768x777.jpeg 768w, https:\/\/territorialchallenges.com\/wp-content\/uploads\/2026\/08\/Onparledeux18.08.26-297x300.jpeg 297w, https:\/\/territorialchallenges.com\/wp-content\/uploads\/2026\/08\/Onparledeux18.08.26-1013x1024.jpeg 1013w, https:\/\/territorialchallenges.com\/wp-content\/uploads\/2026\/08\/Onparledeux18.08.26-1519x1536.jpeg 1519w, https:\/\/territorialchallenges.com\/wp-content\/uploads\/2026\/08\/Onparledeux18.08.26-12x12.jpeg 12w, https:\/\/territorialchallenges.com\/wp-content\/uploads\/2026\/08\/Onparledeux18.08.26.jpeg 1592w\" sizes=\"auto, (max-width: 768px) 100vw, 768px\" itemprop=\"image\" style=\"aspect-ratio: 8\/6;\" \/><\/a><ul class=\"entry-meta\" data-type=\"simple:none\"  ><li class=\"meta-categories\" data-type=\"pill\"><a href=\"https:\/\/territorialchallenges.com\/it\/category\/on-parle-d-eux\/\" rel=\"tag\" class=\"ct-term-126\" >On parle d'eux<\/a><a href=\"https:\/\/territorialchallenges.com\/it\/category\/ecosysteme\/\" rel=\"tag\" class=\"ct-term-117\" >\u00c9cosyst\u00e8me<\/a><\/li><li class=\"meta-date\" itemprop=\"datePublished\" ><time class=\"ct-meta-element-date\" datetime=\"2026-08-19T22:00:55+02:00\" >19 Agosto 2026<\/time><\/li><\/ul><div class=\"entry-excerpt\" ><p>Depuis avril 2023, cet ing\u00e9nieur finlandais form\u00e9 \u00e0 la construction dirige la\u2026... <\/p>\n<div class=\"pmpro_content_message\">Article uniquement consultable pour les abonn\u00e9s .<br \/><a href=\"https:\/\/territorialchallenges.com\/wp-login.php\">Connexion<\/a><br \/><a href=\"https:\/\/territorialchallenges.com\/it\/wp-login.php\/?action=register\">S'inscrire<\/a><\/div><\/div><a class=\"entry-button\" data-type=\"simple\" href=\"https:\/\/territorialchallenges.com\/it\/2026\/08\/19\/en-finlande-keijo-lehtikangas-fait-entrer-lentretien-des-rues-dans-lere-numerique\/126085\/\" >Leggi tutto <span class=\"screen-reader-text\" >En Finlande, Keijo Lehtikangas fait entrer l&rsquo;entretien des rues dans l&rsquo;\u00e8re num\u00e9rique<\/span><\/a><\/article><article id=\"post-126081\" class=\"entry-card post-126081 post type-post status-publish format-standard has-post-thumbnail hentry category-il-sest-passe-a category-ecosysteme pmpro-level-required pmpro-level-2 pmpro-level-3 pmpro-level-4 pmpro-level-5 pmpro-level-8 pmpro-level-6 pmpro-level-1 pmpro-no-access\" >\n\t<h2 class=\"entry-title\">\n\t\t<a href=\"https:\/\/territorialchallenges.com\/it\/2026\/08\/19\/ho-chi-minh-ville-prend-les-devants-pour-former-sa-main-doeuvre-a-lere-quantique\/126081\/\" rel=\"bookmark\">\n\t\t\tH\u00f4-Chi-Minh-Ville prend les devants pour former sa main-d&rsquo;\u0153uvre \u00e0 l&rsquo;\u00e8re quantique\t\t<\/a>\n\t<\/h2>\n\n\t<a class=\"ct-image-container\" href=\"https:\/\/territorialchallenges.com\/it\/2026\/08\/19\/ho-chi-minh-ville-prend-les-devants-pour-former-sa-main-doeuvre-a-lere-quantique\/126081\/\" aria-label=\"H\u00f4-Chi-Minh-Ville prend les devants pour former sa main-d\u2019\u0153uvre \u00e0 l\u2019\u00e8re quantique\" tabindex=\"-1\"><img loading=\"lazy\" decoding=\"async\" width=\"768\" height=\"627\" src=\"https:\/\/territorialchallenges.com\/wp-content\/uploads\/2026\/08\/Ilsestpassea.18.08.26.images-1-768x627.jpg\" class=\"attachment-medium_large size-medium_large wp-post-image\" alt=\"\" srcset=\"https:\/\/territorialchallenges.com\/wp-content\/uploads\/2026\/08\/Ilsestpassea.18.08.26.images-1-768x627.jpg 768w, https:\/\/territorialchallenges.com\/wp-content\/uploads\/2026\/08\/Ilsestpassea.18.08.26.images-1-300x245.jpg 300w, https:\/\/territorialchallenges.com\/wp-content\/uploads\/2026\/08\/Ilsestpassea.18.08.26.images-1-1024x836.jpg 1024w, https:\/\/territorialchallenges.com\/wp-content\/uploads\/2026\/08\/Ilsestpassea.18.08.26.images-1-1536x1255.jpg 1536w, https:\/\/territorialchallenges.com\/wp-content\/uploads\/2026\/08\/Ilsestpassea.18.08.26.images-1-15x12.jpg 15w, https:\/\/territorialchallenges.com\/wp-content\/uploads\/2026\/08\/Ilsestpassea.18.08.26.images-1.jpg 1660w\" sizes=\"auto, (max-width: 768px) 100vw, 768px\" itemprop=\"image\" style=\"aspect-ratio: 8\/6;\" \/><\/a><ul class=\"entry-meta\" data-type=\"simple:none\"  ><li class=\"meta-categories\" data-type=\"pill\"><a href=\"https:\/\/territorialchallenges.com\/it\/category\/il-sest-passe-a\/\" rel=\"tag\" class=\"ct-term-120\" >Il s'est pass\u00e9 \u00e0<\/a><a href=\"https:\/\/territorialchallenges.com\/it\/category\/ecosysteme\/\" rel=\"tag\" class=\"ct-term-117\" >\u00c9cosyst\u00e8me<\/a><\/li><li class=\"meta-date\" itemprop=\"datePublished\" ><time class=\"ct-meta-element-date\" datetime=\"2026-08-19T21:55:57+02:00\" >19 Agosto 2026<\/time><\/li><\/ul><div class=\"entry-excerpt\" ><p>D\u00e9sign\u00e9e p\u00f4le strat\u00e9gique national, la technologie quantique pousse H\u00f4-Chi-Minh-Ville \u00e0 b\u00e2tir d\u00e8s\u2026... <\/p>\n<div class=\"pmpro_content_message\">Article uniquement consultable pour les abonn\u00e9s .<br \/><a href=\"https:\/\/territorialchallenges.com\/wp-login.php\">Connexion<\/a><br \/><a href=\"https:\/\/territorialchallenges.com\/it\/wp-login.php\/?action=register\">S'inscrire<\/a><\/div><\/div><a class=\"entry-button\" data-type=\"simple\" href=\"https:\/\/territorialchallenges.com\/it\/2026\/08\/19\/ho-chi-minh-ville-prend-les-devants-pour-former-sa-main-doeuvre-a-lere-quantique\/126081\/\" >Leggi tutto <span class=\"screen-reader-text\" >H\u00f4-Chi-Minh-Ville prend les devants pour former sa main-d&rsquo;\u0153uvre \u00e0 l&rsquo;\u00e8re quantique<\/span><\/a><\/article><article id=\"post-126078\" class=\"entry-card post-126078 post type-post status-publish format-standard has-post-thumbnail hentry category-smart-cities category-actualite-europe pmpro-level-required pmpro-level-2 pmpro-level-8 pmpro-level-6 pmpro-level-1 pmpro-no-access\" >\n\t<h2 class=\"entry-title\">\n\t\t<a href=\"https:\/\/territorialchallenges.com\/it\/2026\/08\/19\/appyway-franchit-les-45-000-km-de-bordures-de-trottoir-cartographiees-au-royaume-uni\/126078\/\" rel=\"bookmark\">\n\t\t\tAppyWay franchit les 45 000 km de bordures de trottoir cartographi\u00e9es au Royaume-Uni\t\t<\/a>\n\t<\/h2>\n\n\t<a class=\"ct-image-container\" href=\"https:\/\/territorialchallenges.com\/it\/2026\/08\/19\/appyway-franchit-les-45-000-km-de-bordures-de-trottoir-cartographiees-au-royaume-uni\/126078\/\" aria-label=\"AppyWay franchit les 45 000 km de bordures de trottoir cartographi\u00e9es au Royaume-Uni\" tabindex=\"-1\"><img loading=\"lazy\" decoding=\"async\" width=\"768\" height=\"1152\" src=\"https:\/\/territorialchallenges.com\/wp-content\/uploads\/2026\/08\/street-5950957_1280-768x1152.jpg\" class=\"attachment-medium_large size-medium_large wp-post-image\" alt=\"\" srcset=\"https:\/\/territorialchallenges.com\/wp-content\/uploads\/2026\/08\/street-5950957_1280-768x1152.jpg 768w, https:\/\/territorialchallenges.com\/wp-content\/uploads\/2026\/08\/street-5950957_1280-200x300.jpg 200w, https:\/\/territorialchallenges.com\/wp-content\/uploads\/2026\/08\/street-5950957_1280-682x1024.jpg 682w, https:\/\/territorialchallenges.com\/wp-content\/uploads\/2026\/08\/street-5950957_1280-8x12.jpg 8w, https:\/\/territorialchallenges.com\/wp-content\/uploads\/2026\/08\/street-5950957_1280.jpg 853w\" sizes=\"auto, (max-width: 768px) 100vw, 768px\" itemprop=\"image\" style=\"aspect-ratio: 8\/6;\" \/><\/a><ul class=\"entry-meta\" data-type=\"simple:none\"  ><li class=\"meta-categories\" data-type=\"pill\"><a href=\"https:\/\/territorialchallenges.com\/it\/category\/smart-cities\/\" rel=\"tag\" class=\"ct-term-19\" >Territoires Intelligents<\/a><a href=\"https:\/\/territorialchallenges.com\/it\/category\/actualite-europe\/\" rel=\"tag\" class=\"ct-term-127\" >Actualit\u00e9 Europe<\/a><\/li><li class=\"meta-date\" itemprop=\"datePublished\" ><time class=\"ct-meta-element-date\" datetime=\"2026-08-19T21:45:07+02:00\" >19 Agosto 2026<\/time><\/li><\/ul><div class=\"entry-excerpt\" ><p>La soci\u00e9t\u00e9 britannique AppyWay a d\u00e9pass\u00e9 les 45 000 km de bordures\u2026... <\/p>\n<div class=\"pmpro_content_message\">Article uniquement consultable pour les abonn\u00e9s .<br \/><a href=\"https:\/\/territorialchallenges.com\/wp-login.php\">Connexion<\/a><br \/><a href=\"https:\/\/territorialchallenges.com\/it\/wp-login.php\/?action=register\">S'inscrire<\/a><\/div><\/div><a class=\"entry-button\" data-type=\"simple\" href=\"https:\/\/territorialchallenges.com\/it\/2026\/08\/19\/appyway-franchit-les-45-000-km-de-bordures-de-trottoir-cartographiees-au-royaume-uni\/126078\/\" >Leggi tutto <span class=\"screen-reader-text\" >AppyWay franchit les 45 000 km de bordures de trottoir cartographi\u00e9es au Royaume-Uni<\/span><\/a><\/article><article id=\"post-126075\" class=\"entry-card post-126075 post type-post status-publish format-standard has-post-thumbnail hentry category-smart-energy category-actualite-europe pmpro-level-required pmpro-level-3 pmpro-level-8 pmpro-level-6 pmpro-level-1 pmpro-no-access\" >\n\t<h2 class=\"entry-title\">\n\t\t<a href=\"https:\/\/territorialchallenges.com\/it\/2026\/08\/19\/barcelone-met-600-euros-sur-la-table-pour-electrifier-ses-cyclomoteurs\/126075\/\" rel=\"bookmark\">\n\t\t\tBarcelone met 600 euros sur la table pour \u00e9lectrifier ses cyclomoteurs\t\t<\/a>\n\t<\/h2>\n\n\t<a class=\"ct-image-container\" href=\"https:\/\/territorialchallenges.com\/it\/2026\/08\/19\/barcelone-met-600-euros-sur-la-table-pour-electrifier-ses-cyclomoteurs\/126075\/\" aria-label=\"Barcelone met 600 euros sur la table pour \u00e9lectrifier ses cyclomoteurs\" tabindex=\"-1\"><img loading=\"lazy\" decoding=\"async\" width=\"768\" height=\"709\" src=\"https:\/\/territorialchallenges.com\/wp-content\/uploads\/2026\/08\/barcelone-768x709.jpg\" class=\"attachment-medium_large size-medium_large wp-post-image\" alt=\"\" srcset=\"https:\/\/territorialchallenges.com\/wp-content\/uploads\/2026\/08\/barcelone-768x709.jpg 768w, https:\/\/territorialchallenges.com\/wp-content\/uploads\/2026\/08\/barcelone-300x277.jpg 300w, https:\/\/territorialchallenges.com\/wp-content\/uploads\/2026\/08\/barcelone-1024x946.jpg 1024w, https:\/\/territorialchallenges.com\/wp-content\/uploads\/2026\/08\/barcelone-13x12.jpg 13w, https:\/\/territorialchallenges.com\/wp-content\/uploads\/2026\/08\/barcelone.jpg 1296w\" sizes=\"auto, (max-width: 768px) 100vw, 768px\" itemprop=\"image\" style=\"aspect-ratio: 8\/6;\" \/><\/a><ul class=\"entry-meta\" data-type=\"simple:none\"  ><li class=\"meta-categories\" data-type=\"pill\"><a href=\"https:\/\/territorialchallenges.com\/it\/category\/smart-energy\/\" rel=\"tag\" class=\"ct-term-18\" >Transition \u00c9nerg\u00e9tique<\/a><a href=\"https:\/\/territorialchallenges.com\/it\/category\/actualite-europe\/\" rel=\"tag\" class=\"ct-term-127\" >Actualit\u00e9 Europe<\/a><\/li><li class=\"meta-date\" itemprop=\"datePublished\" ><time class=\"ct-meta-element-date\" datetime=\"2026-08-19T21:37:41+02:00\" >19 Agosto 2026<\/time><\/li><\/ul><div class=\"entry-excerpt\" ><p>D\u00e8s le 15 septembre, particuliers et entreprises de Barcelone pourront demander une\u2026... <\/p>\n<div class=\"pmpro_content_message\">Article uniquement consultable pour les abonn\u00e9s .<br \/><a href=\"https:\/\/territorialchallenges.com\/wp-login.php\">Connexion<\/a><br \/><a href=\"https:\/\/territorialchallenges.com\/it\/wp-login.php\/?action=register\">S'inscrire<\/a><\/div><\/div><a class=\"entry-button\" data-type=\"simple\" href=\"https:\/\/territorialchallenges.com\/it\/2026\/08\/19\/barcelone-met-600-euros-sur-la-table-pour-electrifier-ses-cyclomoteurs\/126075\/\" >Leggi tutto <span class=\"screen-reader-text\" >Barcelone met 600 euros sur la table pour \u00e9lectrifier ses cyclomoteurs<\/span><\/a><\/article><article id=\"post-126072\" class=\"entry-card post-126072 post type-post status-publish format-standard has-post-thumbnail hentry category-smart-industry category-actualite-internationale pmpro-level-required pmpro-level-4 pmpro-level-8 pmpro-level-6 pmpro-level-1 pmpro-no-access\" >\n\t<h2 class=\"entry-title\">\n\t\t<a href=\"https:\/\/territorialchallenges.com\/it\/2026\/08\/19\/wisconsin-chips-mise-sur-un-transfert-inverse-pour-former-la-main-doeuvre-de-lingenierie-de-demain\/126072\/\" rel=\"bookmark\">\n\t\t\tWisconsin CHIPS mise sur un \u00ab transfert invers\u00e9 \u00bb pour former la main-d&rsquo;\u0153uvre de l&rsquo;ing\u00e9nierie de demain\t\t<\/a>\n\t<\/h2>\n\n\t<a class=\"ct-image-container\" href=\"https:\/\/territorialchallenges.com\/it\/2026\/08\/19\/wisconsin-chips-mise-sur-un-transfert-inverse-pour-former-la-main-doeuvre-de-lingenierie-de-demain\/126072\/\" aria-label=\"Wisconsin CHIPS mise sur un \u00ab transfert invers\u00e9 \u00bb pour former la main-d\u2019\u0153uvre de l\u2019ing\u00e9nierie de demain\" tabindex=\"-1\"><img loading=\"lazy\" decoding=\"async\" width=\"768\" height=\"552\" src=\"https:\/\/territorialchallenges.com\/wp-content\/uploads\/2026\/08\/industrie5.0.18.08.26image-768x552.jpg\" class=\"attachment-medium_large size-medium_large wp-post-image\" alt=\"\" srcset=\"https:\/\/territorialchallenges.com\/wp-content\/uploads\/2026\/08\/industrie5.0.18.08.26image-768x552.jpg 768w, https:\/\/territorialchallenges.com\/wp-content\/uploads\/2026\/08\/industrie5.0.18.08.26image-300x216.jpg 300w, https:\/\/territorialchallenges.com\/wp-content\/uploads\/2026\/08\/industrie5.0.18.08.26image-1024x736.jpg 1024w, https:\/\/territorialchallenges.com\/wp-content\/uploads\/2026\/08\/industrie5.0.18.08.26image-1536x1104.jpg 1536w, https:\/\/territorialchallenges.com\/wp-content\/uploads\/2026\/08\/industrie5.0.18.08.26image-18x12.jpg 18w, https:\/\/territorialchallenges.com\/wp-content\/uploads\/2026\/08\/industrie5.0.18.08.26image.jpg 2048w\" sizes=\"auto, (max-width: 768px) 100vw, 768px\" itemprop=\"image\" style=\"aspect-ratio: 8\/6;\" \/><\/a><ul class=\"entry-meta\" data-type=\"simple:none\"  ><li class=\"meta-categories\" data-type=\"pill\"><a href=\"https:\/\/territorialchallenges.com\/it\/category\/smart-industry\/\" rel=\"tag\" class=\"ct-term-17\" >Industrie 5.0<\/a><a href=\"https:\/\/territorialchallenges.com\/it\/category\/actualite-internationale\/\" rel=\"tag\" class=\"ct-term-124\" >Actualit\u00e9 internationale<\/a><\/li><li class=\"meta-date\" itemprop=\"datePublished\" ><time class=\"ct-meta-element-date\" datetime=\"2026-08-19T21:23:32+02:00\" >19 Agosto 2026<\/time><\/li><\/ul><div class=\"entry-excerpt\" ><p>Un bootcamp de soudure r\u00e9unissant Madison College et l&rsquo;UW\u2013Madison ouvre la voie\u2026... <\/p>\n<div class=\"pmpro_content_message\">Article uniquement consultable pour les abonn\u00e9s .<br \/><a href=\"https:\/\/territorialchallenges.com\/wp-login.php\">Connexion<\/a><br \/><a href=\"https:\/\/territorialchallenges.com\/it\/wp-login.php\/?action=register\">S'inscrire<\/a><\/div><\/div><a class=\"entry-button\" data-type=\"simple\" href=\"https:\/\/territorialchallenges.com\/it\/2026\/08\/19\/wisconsin-chips-mise-sur-un-transfert-inverse-pour-former-la-main-doeuvre-de-lingenierie-de-demain\/126072\/\" >Leggi tutto <span class=\"screen-reader-text\" >Wisconsin CHIPS mise sur un \u00ab transfert invers\u00e9 \u00bb pour former la main-d&rsquo;\u0153uvre de l&rsquo;ing\u00e9nierie de demain<\/span><\/a><\/article><article id=\"post-126068\" class=\"entry-card post-126068 post type-post status-publish format-standard has-post-thumbnail hentry category-iot category-actualite-internationale pmpro-level-required pmpro-level-5 pmpro-level-8 pmpro-level-6 pmpro-level-1 pmpro-no-access\" >\n\t<h2 class=\"entry-title\">\n\t\t<a href=\"https:\/\/territorialchallenges.com\/it\/2026\/08\/19\/etats-unis-chicago-serre-la-vis-aux-centres-de-donnees\/126068\/\" rel=\"bookmark\">\n\t\t\tEtats-Unis: Chicago serre la vis aux centres de donn\u00e9es\t\t<\/a>\n\t<\/h2>\n\n\t<a class=\"ct-image-container\" href=\"https:\/\/territorialchallenges.com\/it\/2026\/08\/19\/etats-unis-chicago-serre-la-vis-aux-centres-de-donnees\/126068\/\" aria-label=\"Etats-Unis: Chicago serre la vis aux centres de donn\u00e9es\" tabindex=\"-1\"><img loading=\"lazy\" decoding=\"async\" width=\"768\" height=\"743\" src=\"https:\/\/territorialchallenges.com\/wp-content\/uploads\/2026\/08\/chicago-768x743.jpg\" class=\"attachment-medium_large size-medium_large wp-post-image\" alt=\"\" srcset=\"https:\/\/territorialchallenges.com\/wp-content\/uploads\/2026\/08\/chicago-768x743.jpg 768w, https:\/\/territorialchallenges.com\/wp-content\/uploads\/2026\/08\/chicago-300x290.jpg 300w, https:\/\/territorialchallenges.com\/wp-content\/uploads\/2026\/08\/chicago-1024x991.jpg 1024w, https:\/\/territorialchallenges.com\/wp-content\/uploads\/2026\/08\/chicago-1536x1487.jpg 1536w, https:\/\/territorialchallenges.com\/wp-content\/uploads\/2026\/08\/chicago-2048x1983.jpg 2048w, https:\/\/territorialchallenges.com\/wp-content\/uploads\/2026\/08\/chicago-12x12.jpg 12w\" sizes=\"auto, (max-width: 768px) 100vw, 768px\" itemprop=\"image\" style=\"aspect-ratio: 8\/6;\" \/><\/a><ul class=\"entry-meta\" data-type=\"simple:none\"  ><li class=\"meta-categories\" data-type=\"pill\"><a href=\"https:\/\/territorialchallenges.com\/it\/category\/iot\/\" rel=\"tag\" class=\"ct-term-16\" >Donn\u00e9es\/Objets Connect\u00e9s<\/a><a href=\"https:\/\/territorialchallenges.com\/it\/category\/actualite-internationale\/\" rel=\"tag\" class=\"ct-term-124\" >Actualit\u00e9 internationale<\/a><\/li><li class=\"meta-date\" itemprop=\"datePublished\" ><time class=\"ct-meta-element-date\" datetime=\"2026-08-19T21:09:31+02:00\" >19 Agosto 2026<\/time><\/li><\/ul><div class=\"entry-excerpt\" ><p>Le maire Brandon Johnson a sign\u00e9 un d\u00e9cret ex\u00e9cutif imposant un examen\u2026... <\/p>\n<div class=\"pmpro_content_message\">Article uniquement consultable pour les abonn\u00e9s .<br \/><a href=\"https:\/\/territorialchallenges.com\/wp-login.php\">Connexion<\/a><br \/><a href=\"https:\/\/territorialchallenges.com\/it\/wp-login.php\/?action=register\">S'inscrire<\/a><\/div><\/div><a class=\"entry-button\" data-type=\"simple\" href=\"https:\/\/territorialchallenges.com\/it\/2026\/08\/19\/etats-unis-chicago-serre-la-vis-aux-centres-de-donnees\/126068\/\" >Leggi tutto <span class=\"screen-reader-text\" >Etats-Unis: Chicago serre la vis aux centres de donn\u00e9es<\/span><\/a><\/article><article id=\"post-126065\" class=\"entry-card post-126065 post type-post status-publish format-standard has-post-thumbnail hentry category-memoire pmpro-level-required pmpro-level-2 pmpro-level-3 pmpro-level-4 pmpro-level-5 pmpro-level-8 pmpro-level-6 pmpro-level-1 pmpro-no-access\" >\n\t<h2 class=\"entry-title\">\n\t\t<a href=\"https:\/\/territorialchallenges.com\/it\/2026\/08\/19\/senat-2009-copernic-la-revolution-informatique-du-fisc-encore-inachevee-vingt-ans-apres-ses-debuts\/126065\/\" rel=\"bookmark\">\n\t\t\t(S\u00e9nat 2009) Copernic : la \u00ab r\u00e9volution \u00bb informatique du fisc encore inachev\u00e9e vingt ans apr\u00e8s ses d\u00e9buts\t\t<\/a>\n\t<\/h2>\n\n\t<a class=\"ct-image-container\" href=\"https:\/\/territorialchallenges.com\/it\/2026\/08\/19\/senat-2009-copernic-la-revolution-informatique-du-fisc-encore-inachevee-vingt-ans-apres-ses-debuts\/126065\/\" aria-label=\"(S\u00e9nat 2009) Copernic : la \u00ab r\u00e9volution \u00bb informatique du fisc encore inachev\u00e9e vingt ans apr\u00e8s ses d\u00e9buts\" tabindex=\"-1\"><img loading=\"lazy\" decoding=\"async\" width=\"768\" height=\"511\" src=\"https:\/\/territorialchallenges.com\/wp-content\/uploads\/2026\/08\/memoireimage2.09.25image-12-1.jpg\" class=\"attachment-medium_large size-medium_large wp-post-image\" alt=\"\" srcset=\"https:\/\/territorialchallenges.com\/wp-content\/uploads\/2026\/08\/memoireimage2.09.25image-12-1.jpg 768w, https:\/\/territorialchallenges.com\/wp-content\/uploads\/2026\/08\/memoireimage2.09.25image-12-1-300x200.jpg 300w, https:\/\/territorialchallenges.com\/wp-content\/uploads\/2026\/08\/memoireimage2.09.25image-12-1-391x260.jpg 391w, https:\/\/territorialchallenges.com\/wp-content\/uploads\/2026\/08\/memoireimage2.09.25image-12-1-18x12.jpg 18w\" sizes=\"auto, (max-width: 768px) 100vw, 768px\" itemprop=\"image\" style=\"aspect-ratio: 8\/6;\" \/><\/a><ul class=\"entry-meta\" data-type=\"simple:none\"  ><li class=\"meta-categories\" data-type=\"pill\"><a href=\"https:\/\/territorialchallenges.com\/it\/category\/memoire\/\" rel=\"tag\" class=\"ct-term-121\" >M\u00e9moire<\/a><\/li><li class=\"meta-date\" itemprop=\"datePublished\" ><time class=\"ct-meta-element-date\" datetime=\"2026-08-19T20:55:17+02:00\" >19 Agosto 2026<\/time><\/li><\/ul><div class=\"entry-excerpt\" ><p>Dans un rapport d&rsquo;information publi\u00e9 le 28 octobre 2009, le s\u00e9nateur Bernard\u2026... <\/p>\n<div class=\"pmpro_content_message\">Article uniquement consultable pour les abonn\u00e9s .<br \/><a href=\"https:\/\/territorialchallenges.com\/wp-login.php\">Connexion<\/a><br \/><a href=\"https:\/\/territorialchallenges.com\/it\/wp-login.php\/?action=register\">S'inscrire<\/a><\/div><\/div><a class=\"entry-button\" data-type=\"simple\" href=\"https:\/\/territorialchallenges.com\/it\/2026\/08\/19\/senat-2009-copernic-la-revolution-informatique-du-fisc-encore-inachevee-vingt-ans-apres-ses-debuts\/126065\/\" >Leggi tutto <span class=\"screen-reader-text\" >(S\u00e9nat 2009) Copernic : la \u00ab r\u00e9volution \u00bb informatique du fisc encore inachev\u00e9e vingt ans apr\u00e8s ses d\u00e9buts<\/span><\/a><\/article><article id=\"post-126062\" class=\"entry-card post-126062 post type-post status-publish format-standard has-post-thumbnail hentry category-opinions category-ecosysteme pmpro-level-required pmpro-level-2 pmpro-level-3 pmpro-level-4 pmpro-level-5 pmpro-level-8 pmpro-level-6 pmpro-level-1 pmpro-no-access\" >\n\t<h2 class=\"entry-title\">\n\t\t<a href=\"https:\/\/territorialchallenges.com\/it\/2026\/08\/13\/ia-dans-les-transports-urbains-la-confiance-ne-se-decrete-pas-elle-se-construit\/126062\/\" rel=\"bookmark\">\n\t\t\tIA dans les transports urbains : la confiance ne se d\u00e9cr\u00e8te pas, elle se construit\t\t<\/a>\n\t<\/h2>\n\n\t<a class=\"ct-image-container\" href=\"https:\/\/territorialchallenges.com\/it\/2026\/08\/13\/ia-dans-les-transports-urbains-la-confiance-ne-se-decrete-pas-elle-se-construit\/126062\/\" aria-label=\"IA dans les transports urbains : la confiance ne se d\u00e9cr\u00e8te pas, elle se construit\" tabindex=\"-1\"><img loading=\"lazy\" decoding=\"async\" width=\"768\" height=\"683\" src=\"https:\/\/territorialchallenges.com\/wp-content\/uploads\/2026\/08\/ReflexionFaite.11.08.26.images-768x683.jpg\" class=\"attachment-medium_large size-medium_large wp-post-image\" alt=\"\" srcset=\"https:\/\/territorialchallenges.com\/wp-content\/uploads\/2026\/08\/ReflexionFaite.11.08.26.images-768x683.jpg 768w, https:\/\/territorialchallenges.com\/wp-content\/uploads\/2026\/08\/ReflexionFaite.11.08.26.images-300x267.jpg 300w, https:\/\/territorialchallenges.com\/wp-content\/uploads\/2026\/08\/ReflexionFaite.11.08.26.images-1024x911.jpg 1024w, https:\/\/territorialchallenges.com\/wp-content\/uploads\/2026\/08\/ReflexionFaite.11.08.26.images-1536x1366.jpg 1536w, https:\/\/territorialchallenges.com\/wp-content\/uploads\/2026\/08\/ReflexionFaite.11.08.26.images-2048x1822.jpg 2048w, https:\/\/territorialchallenges.com\/wp-content\/uploads\/2026\/08\/ReflexionFaite.11.08.26.images-13x12.jpg 13w\" sizes=\"auto, (max-width: 768px) 100vw, 768px\" itemprop=\"image\" style=\"aspect-ratio: 8\/6;\" \/><\/a><ul class=\"entry-meta\" data-type=\"simple:none\"  ><li class=\"meta-categories\" data-type=\"pill\"><a href=\"https:\/\/territorialchallenges.com\/it\/category\/opinions\/\" rel=\"tag\" class=\"ct-term-130\" >R\u00e9flexion faite<\/a><a href=\"https:\/\/territorialchallenges.com\/it\/category\/ecosysteme\/\" rel=\"tag\" class=\"ct-term-117\" >\u00c9cosyst\u00e8me<\/a><\/li><li class=\"meta-date\" itemprop=\"datePublished\" ><time class=\"ct-meta-element-date\" datetime=\"2026-08-13T13:40:11+02:00\" >13 Agosto 2026<\/time><\/li><\/ul><div class=\"entry-excerpt\" ><p>Alors que les agences et syndicats de transport se tournent vers l&rsquo;intelligence\u2026... <\/p>\n<div class=\"pmpro_content_message\">Article uniquement consultable pour les abonn\u00e9s .<br \/><a href=\"https:\/\/territorialchallenges.com\/wp-login.php\">Connexion<\/a><br \/><a href=\"https:\/\/territorialchallenges.com\/it\/wp-login.php\/?action=register\">S'inscrire<\/a><\/div><\/div><a class=\"entry-button\" data-type=\"simple\" href=\"https:\/\/territorialchallenges.com\/it\/2026\/08\/13\/ia-dans-les-transports-urbains-la-confiance-ne-se-decrete-pas-elle-se-construit\/126062\/\" >Leggi tutto <span class=\"screen-reader-text\" >IA dans les transports urbains : la confiance ne se d\u00e9cr\u00e8te pas, elle se construit<\/span><\/a><\/article><article id=\"post-126059\" class=\"entry-card post-126059 post type-post status-publish format-standard has-post-thumbnail hentry category-on-parle-d-eux category-ecosysteme pmpro-level-required pmpro-level-2 pmpro-level-3 pmpro-level-4 pmpro-level-5 pmpro-level-8 pmpro-level-6 pmpro-level-1 pmpro-no-access\" >\n\t<h2 class=\"entry-title\">\n\t\t<a href=\"https:\/\/territorialchallenges.com\/it\/2026\/08\/13\/yuliia-zhovtiak-la-voix-qui-ne-seteint-jamais\/126059\/\" rel=\"bookmark\">\n\t\t\tYuliia Zhovtiak, la voix qui ne s&rsquo;\u00e9teint jamais\t\t<\/a>\n\t<\/h2>\n\n\t<a class=\"ct-image-container\" href=\"https:\/\/territorialchallenges.com\/it\/2026\/08\/13\/yuliia-zhovtiak-la-voix-qui-ne-seteint-jamais\/126059\/\" aria-label=\"Yuliia Zhovtiak, la voix qui ne s\u2019\u00e9teint jamais\" tabindex=\"-1\"><img loading=\"lazy\" decoding=\"async\" width=\"768\" height=\"512\" src=\"https:\/\/territorialchallenges.com\/wp-content\/uploads\/2026\/08\/onparledeux.11.08.26-768x512.jpg\" class=\"attachment-medium_large size-medium_large wp-post-image\" alt=\"\" srcset=\"https:\/\/territorialchallenges.com\/wp-content\/uploads\/2026\/08\/onparledeux.11.08.26-768x512.jpg 768w, https:\/\/territorialchallenges.com\/wp-content\/uploads\/2026\/08\/onparledeux.11.08.26-300x200.jpg 300w, https:\/\/territorialchallenges.com\/wp-content\/uploads\/2026\/08\/onparledeux.11.08.26-1024x682.jpg 1024w, https:\/\/territorialchallenges.com\/wp-content\/uploads\/2026\/08\/onparledeux.11.08.26-391x260.jpg 391w, https:\/\/territorialchallenges.com\/wp-content\/uploads\/2026\/08\/onparledeux.11.08.26-18x12.jpg 18w, https:\/\/territorialchallenges.com\/wp-content\/uploads\/2026\/08\/onparledeux.11.08.26.jpg 1280w\" sizes=\"auto, (max-width: 768px) 100vw, 768px\" itemprop=\"image\" style=\"aspect-ratio: 8\/6;\" \/><\/a><ul class=\"entry-meta\" data-type=\"simple:none\"  ><li class=\"meta-categories\" data-type=\"pill\"><a href=\"https:\/\/territorialchallenges.com\/it\/category\/on-parle-d-eux\/\" rel=\"tag\" class=\"ct-term-126\" >On parle d'eux<\/a><a href=\"https:\/\/territorialchallenges.com\/it\/category\/ecosysteme\/\" rel=\"tag\" class=\"ct-term-117\" >\u00c9cosyst\u00e8me<\/a><\/li><li class=\"meta-date\" itemprop=\"datePublished\" ><time class=\"ct-meta-element-date\" datetime=\"2026-08-13T13:34:23+02:00\" >13 Agosto 2026<\/time><\/li><\/ul><div class=\"entry-excerpt\" ><p>Depuis 2021, cette ancienne banqui\u00e8re originaire de Zaporijjia dirige le Service d&rsquo;\u00c9tat\u2026... <\/p>\n<div class=\"pmpro_content_message\">Article uniquement consultable pour les abonn\u00e9s .<br \/><a href=\"https:\/\/territorialchallenges.com\/wp-login.php\">Connexion<\/a><br \/><a href=\"https:\/\/territorialchallenges.com\/it\/wp-login.php\/?action=register\">S'inscrire<\/a><\/div><\/div><a class=\"entry-button\" data-type=\"simple\" href=\"https:\/\/territorialchallenges.com\/it\/2026\/08\/13\/yuliia-zhovtiak-la-voix-qui-ne-seteint-jamais\/126059\/\" >Leggi tutto <span class=\"screen-reader-text\" >Yuliia Zhovtiak, la voix qui ne s&rsquo;\u00e9teint jamais<\/span><\/a><\/article><article id=\"post-126053\" class=\"entry-card post-126053 post type-post status-publish format-standard has-post-thumbnail hentry category-il-sest-passe-a category-ecosysteme pmpro-level-required pmpro-level-2 pmpro-level-3 pmpro-level-4 pmpro-level-5 pmpro-level-8 pmpro-level-6 pmpro-level-1 pmpro-no-access\" >\n\t<h2 class=\"entry-title\">\n\t\t<a href=\"https:\/\/territorialchallenges.com\/it\/2026\/08\/13\/porvoo-mise-sur-un-robot-balayeur-autonome-pour-nettoyer-ses-rues-historiques\/126053\/\" rel=\"bookmark\">\n\t\t\tPorvoo mise sur un robot balayeur autonome pour nettoyer ses rues historiques\t\t<\/a>\n\t<\/h2>\n\n\t<a class=\"ct-image-container\" href=\"https:\/\/territorialchallenges.com\/it\/2026\/08\/13\/porvoo-mise-sur-un-robot-balayeur-autonome-pour-nettoyer-ses-rues-historiques\/126053\/\" aria-label=\"Porvoo mise sur un robot balayeur autonome pour nettoyer ses rues historiques\" tabindex=\"-1\"><img loading=\"lazy\" decoding=\"async\" width=\"768\" height=\"512\" src=\"https:\/\/territorialchallenges.com\/wp-content\/uploads\/2026\/08\/Ilsestpassea.11.08.26.image_-768x512.jpg\" class=\"attachment-medium_large size-medium_large wp-post-image\" alt=\"\" srcset=\"https:\/\/territorialchallenges.com\/wp-content\/uploads\/2026\/08\/Ilsestpassea.11.08.26.image_-768x512.jpg 768w, https:\/\/territorialchallenges.com\/wp-content\/uploads\/2026\/08\/Ilsestpassea.11.08.26.image_-300x200.jpg 300w, https:\/\/territorialchallenges.com\/wp-content\/uploads\/2026\/08\/Ilsestpassea.11.08.26.image_-1024x683.jpg 1024w, https:\/\/territorialchallenges.com\/wp-content\/uploads\/2026\/08\/Ilsestpassea.11.08.26.image_-391x260.jpg 391w, https:\/\/territorialchallenges.com\/wp-content\/uploads\/2026\/08\/Ilsestpassea.11.08.26.image_-1536x1024.jpg 1536w, https:\/\/territorialchallenges.com\/wp-content\/uploads\/2026\/08\/Ilsestpassea.11.08.26.image_-18x12.jpg 18w, https:\/\/territorialchallenges.com\/wp-content\/uploads\/2026\/08\/Ilsestpassea.11.08.26.image_.jpg 2048w\" sizes=\"auto, (max-width: 768px) 100vw, 768px\" itemprop=\"image\" style=\"aspect-ratio: 8\/6;\" \/><\/a><ul class=\"entry-meta\" data-type=\"simple:none\"  ><li class=\"meta-categories\" data-type=\"pill\"><a href=\"https:\/\/territorialchallenges.com\/it\/category\/il-sest-passe-a\/\" rel=\"tag\" class=\"ct-term-120\" >Il s'est pass\u00e9 \u00e0<\/a><a href=\"https:\/\/territorialchallenges.com\/it\/category\/ecosysteme\/\" rel=\"tag\" class=\"ct-term-117\" >\u00c9cosyst\u00e8me<\/a><\/li><li class=\"meta-date\" itemprop=\"datePublished\" ><time class=\"ct-meta-element-date\" datetime=\"2026-08-13T13:14:54+02:00\" >13 Agosto 2026<\/time><\/li><\/ul><div class=\"entry-excerpt\" ><p>D\u00e8s le d\u00e9but du mois d&rsquo;ao\u00fbt, la ville finlandaise de Porvoo confie\u2026... <\/p>\n<div class=\"pmpro_content_message\">Article uniquement consultable pour les abonn\u00e9s .<br \/><a href=\"https:\/\/territorialchallenges.com\/wp-login.php\">Connexion<\/a><br \/><a href=\"https:\/\/territorialchallenges.com\/it\/wp-login.php\/?action=register\">S'inscrire<\/a><\/div><\/div><a class=\"entry-button\" data-type=\"simple\" href=\"https:\/\/territorialchallenges.com\/it\/2026\/08\/13\/porvoo-mise-sur-un-robot-balayeur-autonome-pour-nettoyer-ses-rues-historiques\/126053\/\" >Leggi tutto <span class=\"screen-reader-text\" >Porvoo mise sur un robot balayeur autonome pour nettoyer ses rues historiques<\/span><\/a><\/article><\/div>\n\t\t<nav class=\"ct-pagination\" data-pagination=\"load_more\" >\n\t\t\t<span aria-current=\"page\" class=\"page-numbers current\">1<\/span>\n<a class=\"page-numbers\" href=\"https:\/\/territorialchallenges.com\/it\/wp-json\/wp\/v2\/pages\/121527\/page\/2\/\">2<\/a>\n<a class=\"page-numbers\" href=\"https:\/\/territorialchallenges.com\/it\/wp-json\/wp\/v2\/pages\/121527\/page\/3\/\">3<\/a>\n<a class=\"page-numbers\" href=\"https:\/\/territorialchallenges.com\/it\/wp-json\/wp\/v2\/pages\/121527\/page\/4\/\">4<\/a>\n<span class=\"page-numbers dots\">&hellip;<\/span>\n<a class=\"page-numbers\" href=\"https:\/\/territorialchallenges.com\/it\/wp-json\/wp\/v2\/pages\/121527\/page\/69\/\">69<\/a><a class=\"next page-numbers\" rel=\"next\" href=\"https:\/\/territorialchallenges.com\/it\/wp-json\/wp\/v2\/pages\/121527\/page\/2\/\">Succ <svg width=\"9px\" height=\"9px\" viewbox=\"0 0 15 15\" fill=\"currentColor\"><path d=\"M4.1,15c0.2,0,0.4-0.1,0.6-0.2L11.4,8c0.3-0.3,0.3-0.8,0-1.1L4.8,0.2C4.5-0.1,4-0.1,3.7,0.2C3.4,0.5,3.4,1,3.7,1.3l6.1,6.1l-6.2,6.2c-0.3,0.3-0.3,0.8,0,1.1C3.7,14.9,3.9,15,4.1,15z\"\/><\/svg><\/a>\n\t\t\t<div class=\"ct-load-more-helper\"><button class=\"ct-button ct-load-more\">Carica altro<\/button><span data-loader=\"circles\"><span><\/span><span><\/span><span><\/span><\/span><div class=\"ct-last-page-text\">Non ci sono pi\u00f9 articoli da caricare<\/div><\/div>\n\t\t<\/nav><\/div>","protected":false},"excerpt":{"rendered":"<p>... <\/p>\n<div class=\"pmpro_content_message\">Article uniquement consultable pour les abonn\u00e9s .<br \/><a href=\"https:\/\/territorialchallenges.com\/wp-login.php\">Connexion<\/a><br \/><a href=\"https:\/\/territorialchallenges.com\/it\/wp-login.php\/?action=register\">S'inscrire<\/a><\/div>","protected":false},"author":11,"featured_media":0,"parent":0,"menu_order":0,"comment_status":"closed","ping_status":"closed","template":"","meta":{"pmpro_default_level":0,"footnotes":""},"class_list":["post-121527","page","type-page","status-publish","hentry","pmpro-has-access"],"blocksy_meta":{"page_structure_type":"type-1","content_style_source":"custom","vertical_spacing_source":"custom","has_hero_section":"enabled","styles_descriptor":{"styles":{"desktop":"[data-prefix=\"single_page\"] .entry-header .page-title {--fontSize:30px;} [data-prefix=\"single_page\"] .entry-header .entry-meta {--fontWeight:600;--textTransform:uppercase;--fontSize:12px;--lineHeight:1.3;} [data-prefix=\"single_page\"] [class*=\"ct-container\"] > article[class*=\"post\"] {--has-boxed:var(--false);--has-wide:var(--true);}","tablet":"","mobile":""},"google_fonts":[],"version":5}},"yoast_head":"<!-- This site is optimized with the Yoast SEO plugin v21.5 - https:\/\/yoast.com\/wordpress\/plugins\/seo\/ -->\n<title>- Territorial Challenges<\/title>\n<meta name=\"robots\" content=\"index, follow, max-snippet:-1, max-image-preview:large, max-video-preview:-1\" \/>\n<link rel=\"canonical\" href=\"https:\/\/territorialchallenges.com\/it\/\" \/>\n<meta property=\"og:locale\" content=\"it_IT\" \/>\n<meta property=\"og:type\" content=\"article\" \/>\n<meta property=\"og:title\" content=\"- Territorial Challenges\" \/>\n<meta property=\"og:url\" content=\"https:\/\/territorialchallenges.com\/it\/\" \/>\n<meta property=\"og:site_name\" content=\"Territorial Challenges\" \/>\n<meta property=\"article:modified_time\" content=\"2023-11-19T09:53:54+00:00\" \/>\n<meta name=\"twitter:card\" content=\"summary_large_image\" \/>\n<meta name=\"twitter:label1\" content=\"Tempo di lettura stimato\" \/>\n\t<meta name=\"twitter:data1\" content=\"1 minuto\" \/>\n<script type=\"application\/ld+json\" class=\"yoast-schema-graph\">{\"@context\":\"https:\/\/schema.org\",\"@graph\":[{\"@type\":\"WebPage\",\"@id\":\"https:\/\/territorialchallenges.com\/\",\"url\":\"https:\/\/territorialchallenges.com\/\",\"name\":\"- Territorial Challenges\",\"isPartOf\":{\"@id\":\"https:\/\/territorialchallenges.com\/#website\"},\"datePublished\":\"2023-10-15T20:49:15+00:00\",\"dateModified\":\"2023-11-19T09:53:54+00:00\",\"inLanguage\":\"it-IT\",\"potentialAction\":[{\"@type\":\"ReadAction\",\"target\":[\"https:\/\/territorialchallenges.com\/\"]}]},{\"@type\":\"WebSite\",\"@id\":\"https:\/\/territorialchallenges.com\/#website\",\"url\":\"https:\/\/territorialchallenges.com\/\",\"name\":\"Territorial Challenges\",\"description\":\"Veille Internationale - Strat\u00e9gie Intelligentes - Bonnes pratiques\",\"publisher\":{\"@id\":\"https:\/\/territorialchallenges.com\/#organization\"},\"potentialAction\":[{\"@type\":\"SearchAction\",\"target\":{\"@type\":\"EntryPoint\",\"urlTemplate\":\"https:\/\/territorialchallenges.com\/?s={search_term_string}\"},\"query-input\":\"required name=search_term_string\"}],\"inLanguage\":\"it-IT\"},{\"@type\":\"Organization\",\"@id\":\"https:\/\/territorialchallenges.com\/#organization\",\"name\":\"Territorial Challenges\",\"url\":\"https:\/\/territorialchallenges.com\/\",\"logo\":{\"@type\":\"ImageObject\",\"inLanguage\":\"it-IT\",\"@id\":\"https:\/\/territorialchallenges.com\/#\/schema\/logo\/image\/\",\"url\":\"https:\/\/territorialchallenges.com\/wp-content\/uploads\/2023\/10\/logo-1.png\",\"contentUrl\":\"https:\/\/territorialchallenges.com\/wp-content\/uploads\/2023\/10\/logo-1.png\",\"width\":1832,\"height\":576,\"caption\":\"Territorial Challenges\"},\"image\":{\"@id\":\"https:\/\/territorialchallenges.com\/#\/schema\/logo\/image\/\"}}]}<\/script>\n<!-- \/ Yoast SEO plugin. -->","yoast_head_json":{"title":"- Territorial Challenges","robots":{"index":"index","follow":"follow","max-snippet":"max-snippet:-1","max-image-preview":"max-image-preview:large","max-video-preview":"max-video-preview:-1"},"canonical":"https:\/\/territorialchallenges.com\/it\/","og_locale":"it_IT","og_type":"article","og_title":"- Territorial Challenges","og_url":"https:\/\/territorialchallenges.com\/it\/","og_site_name":"Territorial Challenges","article_modified_time":"2023-11-19T09:53:54+00:00","twitter_card":"summary_large_image","twitter_misc":{"Tempo di lettura stimato":"1 minuto"},"schema":{"@context":"https:\/\/schema.org","@graph":[{"@type":"WebPage","@id":"https:\/\/territorialchallenges.com\/","url":"https:\/\/territorialchallenges.com\/","name":"- Territorial Challenges","isPartOf":{"@id":"https:\/\/territorialchallenges.com\/#website"},"datePublished":"2023-10-15T20:49:15+00:00","dateModified":"2023-11-19T09:53:54+00:00","inLanguage":"it-IT","potentialAction":[{"@type":"ReadAction","target":["https:\/\/territorialchallenges.com\/"]}]},{"@type":"WebSite","@id":"https:\/\/territorialchallenges.com\/#website","url":"https:\/\/territorialchallenges.com\/","name":"Territorial Challenges","description":"Veille Internationale - Strat\u00e9gie Intelligentes - Bonnes pratiques","publisher":{"@id":"https:\/\/territorialchallenges.com\/#organization"},"potentialAction":[{"@type":"SearchAction","target":{"@type":"EntryPoint","urlTemplate":"https:\/\/territorialchallenges.com\/?s={search_term_string}"},"query-input":"required name=search_term_string"}],"inLanguage":"it-IT"},{"@type":"Organization","@id":"https:\/\/territorialchallenges.com\/#organization","name":"Territorial Challenges","url":"https:\/\/territorialchallenges.com\/","logo":{"@type":"ImageObject","inLanguage":"it-IT","@id":"https:\/\/territorialchallenges.com\/#\/schema\/logo\/image\/","url":"https:\/\/territorialchallenges.com\/wp-content\/uploads\/2023\/10\/logo-1.png","contentUrl":"https:\/\/territorialchallenges.com\/wp-content\/uploads\/2023\/10\/logo-1.png","width":1832,"height":576,"caption":"Territorial Challenges"},"image":{"@id":"https:\/\/territorialchallenges.com\/#\/schema\/logo\/image\/"}}]}},"_links":{"self":[{"href":"https:\/\/territorialchallenges.com\/it\/wp-json\/wp\/v2\/pages\/121527","targetHints":{"allow":["GET"]}}],"collection":[{"href":"https:\/\/territorialchallenges.com\/it\/wp-json\/wp\/v2\/pages"}],"about":[{"href":"https:\/\/territorialchallenges.com\/it\/wp-json\/wp\/v2\/types\/page"}],"author":[{"embeddable":true,"href":"https:\/\/territorialchallenges.com\/it\/wp-json\/wp\/v2\/users\/11"}],"replies":[{"embeddable":true,"href":"https:\/\/territorialchallenges.com\/it\/wp-json\/wp\/v2\/comments?post=121527"}],"version-history":[{"count":24,"href":"https:\/\/territorialchallenges.com\/it\/wp-json\/wp\/v2\/pages\/121527\/revisions"}],"predecessor-version":[{"id":121772,"href":"https:\/\/territorialchallenges.com\/it\/wp-json\/wp\/v2\/pages\/121527\/revisions\/121772"}],"wp:attachment":[{"href":"https:\/\/territorialchallenges.com\/it\/wp-json\/wp\/v2\/media?parent=121527"}],"curies":[{"name":"wp","href":"https:\/\/api.w.org\/{rel}","templated":true}]}}