{"version":"1.0","provider_name":"Desaf\u00edos territoriales","provider_url":"https:\/\/territorialchallenges.com\/es","author_name":"ni.abdi","author_url":"https:\/\/territorialchallenges.com\/es\/author\/ni-abdi\/","title":"De la F\u00e9e Electricit\u00e9 \u00e0 la F\u00e9e Num\u00e9rique - Territorial Challenges","type":"rich","width":600,"height":338,"html":"<blockquote class=\"wp-embedded-content\" data-secret=\"AA2gWI9Bi0\"><a href=\"https:\/\/territorialchallenges.com\/es\/2021\/12\/27\/de-la-fee-electricite-a-la-fee-numerique\/89959\/\">Del Hada de la Electricidad al Hada Digital<\/a><\/blockquote><iframe sandbox=\"allow-scripts\" security=\"restricted\" src=\"https:\/\/territorialchallenges.com\/es\/2021\/12\/27\/de-la-fee-electricite-a-la-fee-numerique\/89959\/embed\/#?secret=AA2gWI9Bi0\" width=\"600\" height=\"338\" title=\"\u00abDe la F\u00e9e Electricit\u00e9 \u00e0 la F\u00e9e Num\u00e9rique\u00bb \u2014 Territorial Challenges\" data-secret=\"AA2gWI9Bi0\" frameborder=\"0\" marginwidth=\"0\" marginheight=\"0\" scrolling=\"no\" class=\"wp-embedded-content\"><\/iframe><script>\n\/*! This file is auto-generated *\/\n!function(d,l){\"use strict\";l.querySelector&&d.addEventListener&&\"undefined\"!=typeof URL&&(d.wp=d.wp||{},d.wp.receiveEmbedMessage||(d.wp.receiveEmbedMessage=function(e){var t=e.data;if((t||t.secret||t.message||t.value)&&!\/[^a-zA-Z0-9]\/.test(t.secret)){for(var s,r,n,a=l.querySelectorAll('iframe[data-secret=\"'+t.secret+'\"]'),o=l.querySelectorAll('blockquote[data-secret=\"'+t.secret+'\"]'),c=new RegExp(\"^https?:$\",\"i\"),i=0;i<o.length;i++)o[i].style.display=\"none\";for(i=0;i<a.length;i++)s=a[i],e.source===s.contentWindow&&(s.removeAttribute(\"style\"),\"height\"===t.message?(1e3<(r=parseInt(t.value,10))?r=1e3:~~r<200&&(r=200),s.height=r):\"link\"===t.message&&(r=new URL(s.getAttribute(\"src\")),n=new URL(t.value),c.test(n.protocol))&&n.host===r.host&&l.activeElement===s&&(d.top.location.href=t.value))}},d.addEventListener(\"message\",d.wp.receiveEmbedMessage,!1),l.addEventListener(\"DOMContentLoaded\",function(){for(var e,t,s=l.querySelectorAll(\"iframe.wp-embedded-content\"),r=0;r<s.length;r++)(t=(e=s[r]).getAttribute(\"data-secret\"))||(t=Math.random().toString(36).substring(2,12),e.src+=\"#?secret=\"+t,e.setAttribute(\"data-secret\",t)),e.contentWindow.postMessage({message:\"ready\",secret:t},\"*\")},!1)))}(window,document);\n<\/script>","thumbnail_url":"https:\/\/territorialchallenges.com\/wp-content\/uploads\/2021\/03\/feeelectricte1.jpg","thumbnail_width":1024,"thumbnail_height":380,"description":"Chers Maires de France, Je vous sens tr\u00e8s inquiets et \u00e0 juste raison. Ces trois derni\u00e8res ann\u00e9es, les \u00e9v\u00e8nements se sont enchain\u00e9s pour vous \u00e0 un rythme tr\u00e8s soutenu et vous vous interrogez sur un sujet essentiel concernant vos territoires. L\u2019Etat, ses institutions et son administration sont-ils \u00e0 la hauteur d\u2019enjeux majeurs qui, entre mondialisation [&hellip;]"}